{"id":15432,"date":"2021-10-25T11:11:21","date_gmt":"2021-10-25T09:11:21","guid":{"rendered":"https:\/\/novisad2022.rs\/?page_id=15432"},"modified":"2022-01-26T10:37:40","modified_gmt":"2022-01-26T09:37:40","slug":"programme","status":"publish","type":"page","link":"http:\/\/novisad2022.rs\/en\/programme\/","title":{"rendered":"Programme 2022"},"content":{"rendered":"<h1><a href=\"https:\/\/novisad2022.rs\/en\/docek-programme-arch\/\"><img fetchpriority=\"high\" decoding=\"async\" src=\"https:\/\/novisad2022.rs\/wp-content\/uploads\/2021\/10\/logotipi-lukova-za-sajt-01.png\" alt=\"\" width=\"500\" height=\"263\" \/><\/a><\/h1>\n<h1 style=\"text-align: left;\"><strong>31 DEC \u2013 16 JAN 2022<\/strong><\/h1>\n<p>&nbsp;<\/p>\n<h3 style=\"text-align: left;\"><em><strong>EVROVIZION.CROSSING STORIES AND SPACES<\/strong><\/em><\/h3>\n<p style=\"text-align: left;\"><strong>Exhibition\u00a0\/ 26. 11. 2021 \u2013 27. 02. 2022 \/ Museum of Contemporary Art<\/strong><br \/>\nOrganiser: Museum of Contemporary Art\u00a0of Vojvodina<br \/>\nPartners:\u00a0Institut\u00a0f\u00fcr\u00a0Auslandsbeziehungen\u00a0(Stuttgart, Germany) and Goethe-Institut of Serbia (Belgrade, Serbia)<\/p>\n<h3 style=\"text-align: left;\">The Citizens of Novi Sad Choose<\/h3>\n<p style=\"text-align: left;\"><strong>Exhibition \/ 17. 12. 2021 \u2013 31. 12. 2022 \/ Gallery of Matica Srpska<\/strong><br \/>\nOrganiser: Gallery of Matica Srpska<\/p>\n<h3 style=\"text-align: left;\"><strong>Play \u2018Tesla, Inventartist\u2019<\/strong><\/h3>\n<p style=\"text-align: left;\"><strong>Theatre Play \/ 31. 12. 2021 \/ In front of the Rainbow bridge, along Mihajlo Pupin Boulevard<\/strong><br \/>\nOrganizer: Serbian National Theatre<\/p>\n<h3 style=\"text-align: left;\"><strong>Tesla Light Gallery<\/strong><strong>\u00a0<\/strong><\/h3>\n<p style=\"text-align: left;\"><strong>Performance \/ 31. 12. 2021 \u2013 02. 01. 2022 \/ Suburbium<\/strong><br \/>\nOrganiser: \u2018Novi Sad \u2013 European Capital of Culture\u2019 Foundation<br \/>\nPartners: NIS Gazprom Neft \u2013 Petroleum Industry of Serbia, Faculty of Technical Sciences, University of Novi Sad (Serbia) , Academy of Arts, University of Novi Sad (Serbia), \u00a0City Administration for Construction Land and Investments, Novi Sad (Serbia), Spatial design studio \u2018Modelart Architects\u2019, Novi Sad (Serbia)<\/p>\n<h3 style=\"text-align: left;\"><strong>Festival in Public Spaces <\/strong><em><strong>\u2013 <\/strong><\/em><strong>Warm Up<\/strong><\/h3>\n<p style=\"text-align: left;\"><strong>Concerts \/ 12. 01. 2022 \/ \u00a0Local band performances\u00a0across\u00a0the city<\/strong><br \/>\nOrganiser:\u00a0\u2018Inbox\u2019 Art Association<\/p>\n<h3 style=\"text-align: left;\">Time and Universe<\/h3>\n<p style=\"text-align: left;\"><strong>Exhibition \/ 13. 01. 2022 \/ Studio M<\/strong><br \/>\nOrganiser: \u2018Novi Sad \u2013 European Capital of Culture\u2019 Foundation<br \/>\nPartner: Autonomous Province of Vojvodina<\/p>\n<h3 style=\"text-align: left;\"><strong>An Exciting Chronology of Novi Sad\u00a0<\/strong><\/h3>\n<p style=\"text-align: left;\"><strong>Exhibition \/ 13. 01. 2022 \/ City\u00a0centre, Theatre Square<\/strong><\/p>\n<h3 style=\"text-align: left;\"><strong>Zeniteum :: 2022<\/strong><\/h3>\n<p style=\"text-align: left;\"><strong>Grand opening play \/ 13. 01. 2022 \/ Mihajla Pupina Boulevard, the plateau of the Provincial Government<\/strong><br \/>\nOrganiser: \u2018Novi Sad \u2013 European Capital of Culture\u2019 Foundation<\/p>\n<h3 style=\"text-align: left;\"><strong>The\u00a0\u010cardak\u00a0Neither in Heaven nor on Earth<\/strong><\/h3>\n<p style=\"text-align: left;\"><strong>Children\u2019s opera \/ 13. 01. 2022 \/ Cultural Centre of Novi Sad<\/strong><br \/>\nOrganiser: \u2018Visoko\u00a0C\u2019 Association of Artists<\/p>\n<h3 style=\"text-align: left;\"><strong>Soundbeam<\/strong><\/h3>\n<p><strong>Concert \/ 13. 01. 2022 \/ Milan Petrovi\u0107 School, new building, in Novo\u00a0Naselje\u00a0\u00a0<\/strong><br \/>\nOrganiser:\u00a0Elementary and secondary boarding school\u00a0\u2018Milan Petrovic\u2019<\/p>\n<h3 style=\"text-align: left;\"><strong>Celebrating the Year 7530<\/strong><\/h3>\n<p style=\"text-align: left;\"><strong>Performing and visual arts \/ 13. 01. 2022 \/ 20+ locations across the city<\/strong><br \/>\nOrganiser: \u2018Novi Sad \u2013 European Capital of Culture\u2019 Foundation<br \/>\nPartners: \u2018Svetozar Markovi\u0107\u2019 Radni\u010dki Dom, NIS Gazprom Neft \u2013 Petroleum Industry of Serbia, Serbian National Theatre, Youth Theatre, Novi Sad Theatre \u2013 \u00dajvid\u00e9ki Sz\u00ednh\u00e1z, Cultural Centre of Novi Sad, Hungarian Cultural Centre \u2018Pet\u0151fi S\u00e1ndor\u2019, City Concert Hall, Matica Srpska, Gallery of Matica Srpska, \u2018Laza Kosti\u0107\u2019 Grammar School, Synagogue (Jewish Community), Reformed Church, Church of the Name of Mary<\/p>\n<h3 style=\"text-align: left;\"><strong> \u2018Slava\u2019<\/strong><\/h3>\n<p style=\"text-align: left;\"><strong>Exhibition, concerts, performance \/ 14 and 15. 01. 2022 \/ Cultural stations in Novi Sad and Zone 021\u00a0<\/strong><\/p>\n<p>Organiser: \u2018Novi Sad \u2013 European Capital of Culture\u2019 Foundation<\/p>\n<p>Partners: IDEA<\/p>\n<p>&nbsp;<\/p>\n<p style=\"text-align: left;\"><a href=\"https:\/\/novisad2022.rs\/en\/migrations\/\"><img decoding=\"async\" src=\"https:\/\/novisad2022.rs\/wp-content\/uploads\/2021\/10\/logotipi-lukova-za-sajt-02.png\" alt=\"\" width=\"500\" height=\"263\" \/><\/a><\/p>\n<h1 style=\"text-align: left;\"><strong>1 FEB \u2013 20 MAR 2022<\/strong><\/h1>\n<h3 style=\"text-align: left;\"><strong>Novi Sad\u00a0<\/strong><strong>Exhibition <\/strong><\/h3>\n<p style=\"text-align: left;\"><strong>Exhibition \/ 01. 02 \u2013 30. 04. 2022 \/ Foreign Art Collection\u00a0(Museum of the City of Novi Sad)\u00a0<\/strong><br \/>\nOrganiser: Museum of the City of Novi Sad<\/p>\n<p>Partners: Historical Archive of the City of Novi Sad, Institute for the Protection of Monuments of Novi Sad, Marketing Agency Ku\u0107a \u010cuvarku\u0107a, Radio Television of Vojvodina<\/p>\n<h3 style=\"text-align: left;\"><strong>The Nineties: The Unexpected Heritage of Novi Sad<\/strong><\/h3>\n<p style=\"text-align: left;\"><strong>Exhibition (street art)\u00a0 \/ 01. 2 \u2013 28. 2. 2022 \/ Public locations across the city<\/strong><br \/>\nOrganiser: Evropa\u00a0Nostra Serbia\u00a0Association\u00a0of Citizens<br \/>\nPartner: \u2018Inbox\u2019 Artistic Association, Novi Sad<\/p>\n<h3 style=\"text-align: left;\"><strong>Vladimir and Kosara <\/strong><\/h3>\n<p style=\"text-align: left;\"><strong>Opera \/ \/ Serbian National Theatre\u00a0<\/strong><br \/>\nOrganiser:\u00a0Serbian National Theatre<\/p>\n<h3 style=\"text-align: left;\"><strong>Where Migrations End: From Roman Pannonia to Today\u2019s Vojvodina<\/strong><\/h3>\n<p style=\"text-align: left;\"><strong>Multimedia exhibition\u00a0 \/ 1. 2 \u2013 30. 4. 2022 \/ Museum of Vojvodina\u00a0<\/strong><br \/>\nOrganiser: Museum of Vojvodina<\/p>\n<h3 style=\"text-align: left;\"><strong>Following the Thread<\/strong><\/h3>\n<p style=\"text-align: left;\"><strong>Exhibition, seminar, performance, fashion show, concert \/ 5. 2 \u2013 10. 3. 2022 \/ \u2018Mladost\u2019 Institute for Culture and Education Cultural Centre in Futog and Archives of the City of Novi Sad<\/strong><br \/>\nOrganiser: \u2018Mladost\u2019 Institute for Culture and Education Cultural Centre in\u00a0Futog<\/p>\n<h3 style=\"text-align: left;\"><strong>The Best of Novi Sad <\/strong><\/h3>\n<p style=\"text-align: left;\"><strong>Concerts \/ 2. 2. and 10. 2. 2022<\/strong><br \/>\nOrganiser: Vojvodina Symphony Orchestra<\/p>\n<h3 style=\"text-align: left;\"><strong>The 100th Anniversary of the\u00a0Colonisation\u00a0of Vojvodina 1921-1941 and The Seventy-Fifth Anniversary of\u00a0Colonisation\u00a01945-1948\u00a0\u00a0<\/strong><\/h3>\n<p style=\"text-align: left;\"><strong>Panel discussion, exhibition, workshop, film projection\u00a0 \/ 3. 2 \u2013 20. 2. 2022 \/ Cultural Centre of Novi Sad<\/strong><br \/>\nOrganiser: Cultural Centre of Novi Sad<\/p>\n<h3 style=\"text-align: left;\"><strong>KUDs in the City\u00a0<\/strong><\/h3>\n<p style=\"text-align: left;\"><strong>Performing arts, traditional dances and flash mob\u00a0 \/ 04 and 05. 2. 2022 \/ Public locations across the city<\/strong><br \/>\nOrganiser: AKUDUNS\u00a0\u2018Sonja Marinkovi\u0107\u2019<\/p>\n<h3 style=\"text-align: left;\"><strong>The City in KUDs<\/strong><\/h3>\n<p style=\"text-align: left;\"><strong>Presentation of the work by culture and art societies \/ 06. 2. 2022 \/ KUD centres<\/strong><br \/>\nOrganiser: AKUDUNS \u2018Sonja Marinkovi\u0107\u2019<\/p>\n<h3 style=\"text-align: left;\"><strong>Migrations of Nations in the Regions of\u00a0Ba\u010dka\u00a0and Banat\u00a0in the 18th\u00a0and 19th\u00a0Centuries Through Selected Documents, B\u00e1cs-Bodrog, Temes and\u00a0Toront\u00e1l Counties<\/strong><\/h3>\n<p style=\"text-align: left;\"><strong>Exhibition \/ 9. 2. \u2013 9. 3. 2022 \/ Archives of Vojvodina\u00a0<\/strong><br \/>\nOrganiser: Archives of Vojvodina<\/p>\n<h3 style=\"text-align: left;\"><strong>Diaries of Migration: Notes on Novi Sad Families\u00a0\u00a0<\/strong><\/h3>\n<p style=\"text-align: left;\"><strong>Exhibition, panel discussions\u00a0\/ 10, 17, 22 and 24. 02. 2022. and 01 and 08. 03. 2022 \/ Prometej\u00a0Gallery<\/strong><br \/>\nOrganiser: \u2018Prometej\u2019 Publishing House<\/p>\n<h3 style=\"text-align: left;\"><strong>Multiculturalism of Novi Sad: The National Communities of Vojvodina\u00a0<\/strong><\/h3>\n<p style=\"text-align: left;\"><strong>Conference \/ 12. 02. 2022 \/ Svilara\u00a0Cultural Station<\/strong><br \/>\nOrganiser: Belgrade Institute for Philosophy and Social Theory<br \/>\nPartner: Forum for Education, Cooperation, Affirmation and Support to Civil Society<\/p>\n<h3 style=\"text-align: left;\"><strong>NOVI SAD \u2013 A MODERN CITY\u00a0<\/strong><\/h3>\n<p style=\"text-align: left;\"><strong>Exhibition \/ 12. 2 \u2013 26. 2. 2022 \/ SPENS<\/strong><br \/>\nOrganiser: Base \u2013 a platform for spatial practice<br \/>\nPartners: Association of Novi Sad Architects (DANS), Ephemera Collective<\/p>\n<h3 style=\"text-align: left;\"><strong>Vojvodina Classical Guitar Festival\u00a0<\/strong><\/h3>\n<p style=\"text-align: left;\"><strong>Competition, concerts, workshops, panel discussions\u00a0\u00a0\/ 8 \u2013 12. 2. 2022 \/\u00a0 Egys\u00e9g Cultural Station<\/strong><br \/>\nOrganiser: Guitarists Association of Vojvodina<br \/>\nPartner: \u2018Isidor Baji\u0107\u2019 School of Music (Novi Sad)<\/p>\n<h3 style=\"text-align: left;\"><strong>Musical Bridges\u00a0<\/strong><\/h3>\n<p style=\"text-align: left;\"><strong>Concerts, lectures, workshops \/ 17 \u2013 20. 2. 2022 \/ City Concert Hall and locations in the Zone 021\u00a0<\/strong><br \/>\nOrganiser:\u00a0The Music Studio Creative-Educational Association Centre in Novi Sad<\/p>\n<h3 style=\"text-align: left;\"><strong>Migrations\u00a0in Art, Art\u00a0of Migrations<\/strong><\/h3>\n<p style=\"text-align: left;\"><strong>Exhibition, lectures, debates, workshops, conference \/ 18. 02 \u2013 30. 4. 2022 \/ Gallery of Matica Srpska<\/strong><br \/>\nOrganiser: Gallery of Matica Srpska<\/p>\n<h3 style=\"text-align: left;\"><strong>21st-Century Migrations<\/strong><\/h3>\n<p style=\"text-align: left;\"><strong>Exhibition \/ 19. 2 \u2013 19. 3. 2022 \/ \u00a0\u00a0Liberty Square<\/strong><br \/>\nOrganiser: \u2018Novi Sad \u2013 European Capital of Culture\u2019 Foundation<br \/>\nPartner: World Press Photo (Amsterdam, the Netherlands)<\/p>\n<h3 style=\"text-align: left;\"><strong>Link it, mark it\u00a0<\/strong><\/h3>\n<p style=\"text-align: left;\"><strong>Exhibition \/ 21. 2 \u2013 21. 3. 2022 \/ SULUV Gallery\u00a0<\/strong><br \/>\nOrganiser: Council of the Association of Fine Artists of Vojvodina<br \/>\nPartners:\u00a0Slovenian Association of Fine Arts Societies\u00a0(Ljubljana),\u00a0Berufsvereinigung\u00a0der\u00a0Bildenden\u00a0K\u00fcnstlerInnen\u00a0\u00d6sterreichs\u00a0LV Steiermark, Graz,\u00a0(Austria),\u00a0APORON 21 from Graz (Austria)<\/p>\n<h3 style=\"text-align: left;\"><em><strong>ROctet <\/strong><\/em><\/h3>\n<p style=\"text-align: left;\"><strong>Concert \/ 24. 2. 2022 \/ City Concert Hall<\/strong><br \/>\nOrganiser: \u2018Novi Sad \u2013 European Capital of Culture\u2019 Foundation<\/p>\n<h3 style=\"text-align: left;\"><strong>Around the World by Bicycle: Graphics by Ljubomir Kokotovi\u0107\u00a0<\/strong><\/h3>\n<p><strong>Exhibition \/ 24. 2 \u2013 20. 3. 2022\/ \u00a0American Corner Novi Sad<\/strong><br \/>\nOrganisers: Cultural Centre of Novi Sad,\u00a0American Corner\u00a0Novi Sad<br \/>\nPartner: Centre\u00a0for Sustainable Urban Development and Culture\u00a0\u2018Structure\u2019 in Novi Sad<\/p>\n<h3 style=\"text-align: left;\"><strong>Expand Our Horizons<\/strong><\/h3>\n<p style=\"text-align: left;\"><strong>Drama workshops \/ 25. 2, 4, 11 i 18. 3. 2022 \/ Gallery of Matica Srpska<\/strong><br \/>\nOrganiser: Centre for Theatre Research\u00a0in Novi Sad<br \/>\nPartner: Gallery of Matica Srpska<\/p>\n<h3><strong>The Great Migration of Archivists\u00a0<\/strong><strong>\u2013 <em>Dr\u017eavni posao<\/em><\/strong><\/h3>\n<p><strong>Play \/ 28. 2. 2022 \/ \u2018Mladost\u2019 Institute for Culture and Education Cultural Centre in Futog\u00a0<\/strong><br \/>\nOrganiser: Laureat doo<\/p>\n<h3 style=\"text-align: left;\"><strong>2K+<\/strong><\/h3>\n<p style=\"text-align: left;\"><strong>Concerts \/ 2. 3. 2022 \/ City Concert Hall<\/strong><br \/>\nPartner: The Milo\u0161\u00a0Crnjanski\u00a0Cultural Centre of Vojvodina<\/p>\n<h3 style=\"text-align: left;\"><strong>Musical\u00a0(Im)migrations\u00a0and\u00a0Bach\u2019s\u00a0Novi Sad\u00a0Path<\/strong><\/h3>\n<p style=\"text-align: left;\"><strong>Concerts \/ 2. 3. 2022 \/ Synagogue<\/strong><br \/>\nOrganiser: Orfelin\u00a0Vocal Studio<br \/>\nPartners: Belgrade Baroque Academy<\/p>\n<h3 style=\"text-align: left;\"><strong>The\u00a0Migration\u00a0of\u00a0Souls\u00a0&#8211;\u00a0Novi Sad in\u00a0Books<\/strong><\/h3>\n<p style=\"text-align: left;\"><strong>Exhibition opening, promotion of an illustrated monograph \u2018Novi Sad in Books\u2019 \/ 3. 3. 2022 \/ Great Hall of the Novi Sad Fair\u00a0<\/strong><br \/>\nOrganiser: Novi Sad City Library<br \/>\nPartner: Novi Sad Fair<\/p>\n<h3 style=\"text-align: left;\"><strong>Bridging the Culture Gap\u00a0<\/strong><\/h3>\n<p style=\"text-align: left;\"><strong>Conference \/ 3 \u2013 13. 3. 2022<\/strong><br \/>\nOrganiser: European Youth Parliament of Serbia<br \/>\nPartners: \u2018Konrad Adenauer\u2019 Foundation, Visegrad Fund, Central European Initiative, U.S. Embassy Belgrade<\/p>\n<h3 style=\"text-align: left;\"><strong>Fugitives\u00a0<\/strong><\/h3>\n<p style=\"text-align: left;\"><strong>Play \/ 4. 3. 2022 \/ Hall 1 of the Novi Sad Fair\u00a0\u00a0<\/strong><br \/>\nOrganiser: Association of Art Students 23 (Novi Sad, Serbia)<br \/>\nPartners:\u00a0The \u2018AkustikUm\u2019 Association, Music Youth JMBH, Tuzla, Bosnia and Herzegovina;\u00a0Croatia\u00a0Academy for Art and Culture, Osijek<\/p>\n<h3 style=\"text-align: left;\"><strong>\u2018The Promised Land\u2019\u00a0by\u00a0V\u00e9gel\u00a0L\u00e1szl\u00f3\u00a0<\/strong><strong>\u00a0<\/strong><\/h3>\n<p style=\"text-align: left;\"><strong>Public reading of the essay\/ 4. 3. 2022 \/ Master Hall of the Novi Sad Fair\u00a0<\/strong><br \/>\nOrganiser: Novi Sad Theatre \u2013\u00a0\u00dajvid\u00e9ki\u00a0Sz\u00ednh\u00e1z<br \/>\nPartner: Konrad Adenauer Stiftung, Germany<\/p>\n<h3 style=\"text-align: left;\"><strong>In the Fire of Worlds: Ivo Andri\u0107 \u2013 A European Life<\/strong><\/h3>\n<p style=\"text-align: left;\"><strong>Stage reading of the book \/ 5. 3. 2022 \/ Master Hall of the Novi Sad Fair\u00a0 <\/strong><br \/>\nOrganiser: Konrad Adenauer Stiftung, Germany<\/p>\n<h3 style=\"text-align: left;\"><strong>Barcelona Gipsy balKan Orchestra<\/strong><\/h3>\n<p style=\"text-align: left;\"><strong>Concert \/ 6. 3. 2022 \/ Hall 1, Novi Sad Fair\u00a0<\/strong><br \/>\nOrganiser: \u2018Novi Sad \u2013 European Capital of Culture\u2019 Foundation<\/p>\n<h3 style=\"text-align: left;\"><strong>Along the Paths of the Roma<\/strong><\/h3>\n<p style=\"text-align: left;\"><strong>Exhibition, fashion show, concert, catalog promotion \/ 6, 12 and 13. 3. 2022 \/ Hall of the Novi Sad Fair, Sremski Karlovci and Barka Cultural Station<\/strong><br \/>\nOrganiser: \u2018Karlova\u010dke\u00a0Zore\u2019\u00a0Association<br \/>\nPartner:\u00a0Office for Roma Inclusion<\/p>\n<h3 style=\"text-align: left;\"><strong>We\u00a0All\u00a0Came\u00a0from\u00a0Somewhere,\u00a0Some\u00a0a\u00a0Little\u00a0Earlier<\/strong><\/h3>\n<p style=\"text-align: left;\"><strong>Play \/ 7. 3. 2022 \/ Hall 1, Novi Sad Fair\u00a0<\/strong><br \/>\nOrganiser:\u00a0\u2018\u0160miranti\u2019 Association<br \/>\nPartner:\u00a0Policardia\u00a0Teatro,\u00a0Viareggio,\u00a0Italy<\/p>\n<h3 style=\"text-align: left;\"><strong>B.E.T.A. Circus<\/strong><\/h3>\n<p style=\"text-align: left;\"><strong>Performance \/ 12. 3. 2022 \/ Hall 1, Novi Sad Fair\u00a0<\/strong><br \/>\nPartners: Associazione Culturale Teatro Necessario (Italy), Ludifico (Serbia), VSIA \u2018R\u012bgas cirks\u2019 (Latvia)<\/p>\n<h3 style=\"text-align: left;\"><strong>Carnival of Ritual Processions\u00a0<\/strong><\/h3>\n<p style=\"text-align: left;\"><strong>Masquerade, performance, flash mob, concert \/ 08, 09, 11, 12 and 13. 03. 2022 \/ Public spaces across the city, Master Hall and Hall 1 of the Novi Sad Fair<\/strong><br \/>\nOrganiser: \u2018Novi Sad \u2013 European Capital of Culture\u2019 Foundation<br \/>\nPartner: KUD Vuk Karad\u017ei\u0107,\u00a0Temerin<\/p>\n<h3><strong>The new version of the &#8216;Neoplanta&#8217; play based on the novel by V\u00e9gel L\u00e1szl\u00f3<\/strong><\/h3>\n<p><strong>Play \/ 11. 02. 2022 \/ The Novi Sad Theatre &#8211; <em>\u00dajvideki Sz\u00ednh\u00e1z<\/em><\/strong><br \/>\nOrganiser: The Novi Sad Theatre <em>&#8211; \u00dajvideki Sz\u00ednh\u00e1z<\/em><\/p>\n<h3 style=\"text-align: left;\"><strong>Gospel Music \u2013 an Expression of Hope: A Journey Across Continents, Through Culture and Time\u00a0<\/strong><\/h3>\n<p style=\"text-align: left;\"><strong>Concert\u00a0\/ 17. 03. 2022 \/ Cultural station<\/strong><br \/>\nOrganiser: M-art\u00a0Association of Citizens<\/p>\n<h3 style=\"text-align: left;\"><strong>Gastro\u00a0Migrations<\/strong><\/h3>\n<p style=\"text-align: left;\"><strong>Gastronomy, music\u00a0 \/ 17 \u2013 20. 03. 2022 \/ Cultural Stations\u00a0<\/strong><br \/>\nOrganiser: \u2018Novi Sad \u2013 European Capital of Culture\u2019 Foundation<\/p>\n<h3 style=\"text-align: left;\"><strong>MigrArt <\/strong><\/h3>\n<p style=\"text-align: left;\"><strong>Exhibition \/ 20. 3. 2022 \/ Suba\u2019s Plateau \u2013 Liman Park<\/strong><br \/>\nOrganiser: Bel Art Gallery<br \/>\nPartner: City\u00a0Administration for Construction Land and Investments\u00a0of the City of Novi Sad<\/p>\n<h3 style=\"text-align: left;\"><\/h3>\n<p>&nbsp;<\/p>\n<p style=\"text-align: left;\"><a href=\"https:\/\/novisad2022.rs\/en\/future-of-europe\/\"><img decoding=\"async\" src=\"https:\/\/novisad2022.rs\/wp-content\/uploads\/2021\/10\/logotipi-lukova-za-sajt-03.png\" alt=\"\" width=\"500\" height=\"263\" \/><\/a><\/p>\n<h1 style=\"text-align: left;\"><strong>20 MAR \u2013 15 \u041c\u0410Y 2022<\/strong><\/h1>\n<h3 style=\"text-align: left;\"><strong>Escape from the Museum: Mythological adventure<\/strong><\/h3>\n<p style=\"text-align: left;\"><strong>Logic game \/ Every Monday from 04. 04. until 15. 05. 2022 \/ Museum of Vojvodina\u00a0<\/strong><br \/>\nOrganiser: Museum of Vojvodina<\/p>\n<h3 style=\"text-align: left;\"><strong>European Youth Engagement Network 2.0 (\u0415YE.net 2.0) <\/strong><\/h3>\n<p style=\"text-align: left;\"><strong>Theatre Festival \/ 04 \u2013 08. 04. 2022 \/ Secondary schools in Novi Sad and Zone 021\u00a0<\/strong><br \/>\nOrganiser: \u2018Novi Sad \u2013 European Capital of Culture\u2019 Foundation<br \/>\nPartners:\u00a0Cultural-Artistic Society\u00a0\u2018Moment\u2019, Maribor (Slovenia); Maribor Youth Cultural Centre, Maribor (Slovenia);\u00a0Liceulice, Belgrade (Serbia);\u00a0Monta\u017estroj, Zagreb (Croatia);\u00a0\u2018Dr\u017e\u00a0Ne Daj\u2019 Troupe, Novi Sad (Serbia);\u00a0Associazione\u00a0Culturale\u00a0Capotrave\u00a0\/ Kilowatt,\u00a0Sansepolcro\u00a0(Italy); Multicultural City, Berlin (Germany); Theatre du Pelican, Clairemont-Ferrand (France); Le Theatre du Grand Rond, Toulouse (France); Centre for Interesting Activities,\u00a0Ptuj\u00a0(Slovenia);\u00a0Polyplanity, Athens (Greece);\u00a0Divadlo\u00a0v\u00a0Dlouh\u00e9\u00a0\u2013 Club for Young Audiences, Prague (Czech Republic);\u00a0Pazaislis\u00a0Music Festival, Kaunas (Lithuania); Kaunas 2022, Kaunas (Lithuania).<\/p>\n<h3 style=\"text-align: left;\"><strong>They Live \u2013 Student\u00a0<\/strong><strong>Lives <\/strong><strong>Discovered Through Contextual\u00a0 Artistic\u00a0Practices<\/strong><\/h3>\n<p style=\"text-align: left;\"><strong>Exhibition \/ 04 \u2013 30. 04. 2022 \/ Rectorate\u00a0Hall\u00a0of the University of Novi Sad\u00a0<\/strong><br \/>\nOrganiser: \u2018Studentski grad\u2019\u00a0Cultural Centre in Belgrade<br \/>\nPartners: Student Association of the University of Novi Sad, Academy of Applied Arts, Rijeka, Croatia; Institute for Contemporary Art, Cetinje, Montenegro; Faculty for Audiovisual Communication, University of King Juan Carlos, Madrid, Spain; International Centre for Archival Research Ikarus, Zagreb, Croatia; Institute for Art in Context\u00a0at the\u00a0University\u00a0of the\u00a0Arts,\u00a0Berlin, Germany<\/p>\n<h3 style=\"text-align: left;\"><strong>\u0415DU NET<\/strong><\/h3>\n<p style=\"text-align: left;\"><strong>Educational\u00a0programme \/ 04 \u2013 08. 04. 2022 \/ Secondary schools in Novi Sad\u00a0and Liman Cultural Station\u00a0<\/strong><br \/>\nOrganiser: Novi Sad European Youth Capital Youth Council Association\u00a0\u2013 OPENS<\/p>\n<h3 style=\"text-align: left;\"><strong>Soundbeam\u00a0<\/strong><\/h3>\n<p style=\"text-align: left;\"><strong>Concert \/ 04. 04. 2022 \/ City Concert Hall\u00a0<\/strong><br \/>\nOrganiser: &#8216;Milan Petrovi\u0107\u2019\u00a0School<\/p>\n<h3 style=\"text-align: left;\"><strong>Art in the Palm of\u00a0Your Hand\u00a0<\/strong><\/h3>\n<p style=\"text-align: left;\"><strong>Play, exhibition, workshop \/ 04 \u2013 14. 4. 2022 \/ Svilara\u00a0Cultural Station<\/strong><br \/>\nOrganiser: Academy of Arts of the University of\u00a0Novi Sad<\/p>\n<h3 style=\"text-align: left;\"><strong>European Culture \u2013 The Impact of the Individual\u00a0<\/strong><\/h3>\n<p style=\"text-align: left;\"><strong>Conference \/ 07 \u2013 10. 04. 2022 \/ \u2018Jovan Jovanovi\u0107\u00a0Zmaj\u2019 Grammar School<\/strong><br \/>\nOrganiser: European Youth Parliament Serbia<br \/>\nPartner: \u2018Konrad Adenauer\u2019 Foundation<\/p>\n<h3 style=\"text-align: left;\"><strong>Young Singer-Songwriter Festival 2022\u00a0<\/strong><\/h3>\n<p style=\"text-align: left;\"><strong>Concert \/ 07 \u2013 08. 04. 2022 \/ City Concert Hall and Svilara Cultural Station<\/strong><br \/>\nOrganiser: Guitarists Association of Vojvodina<br \/>\nPartner: LAB Cultural Centre<\/p>\n<h3><strong>Tavern Manual\u00a0<\/strong><\/h3>\n<p style=\"text-align: left;\"><strong>Play \/ 09. 04. 2022 \/ Tavern\u00a0<\/strong><br \/>\nOrganiser: Beograde\u00a0Centre for Human Rights<br \/>\nPartner: \u2018Konrad Adenauer\u2019 Foundation<\/p>\n<h3 style=\"text-align: left;\"><strong>Be That\u00a0One<\/strong><\/h3>\n<p style=\"text-align: left;\"><strong>Multimedia Art \/ 09. 04. 2022 \/ City Concert Hall\u00a0<\/strong><br \/>\nOrganiser:\u00a0COOLIST Foundation<br \/>\nPartners: Yasserstain,\u00a0Groove\u00a0Dance Association,\u00a0Development Centre for Children and Adults \u2018Faktor\u2019,\u00a0Association for the Development of Exhibition Literacy\u00a0\u2018Izra\u017eajnost\u2019<\/p>\n<h3 style=\"text-align: left;\"><strong>ChoreoChroma <\/strong><\/h3>\n<p style=\"text-align: left;\"><strong>Performance\u00a0\/ 09. 04. 2022 \/ Pavle\u00a0Beljanski\u00a0Gift Collection<\/strong><br \/>\nOrganiser: Pavle\u00a0Beljanski\u00a0Gift Collection<br \/>\nPartners:\u00a0LUCODA\u00a0(Luxemburg)\u00a0and\u00a0Stichting\u00a0Bewegend\u00a0Beeld\u00a0(The Netherlands)<\/p>\n<h3 style=\"text-align: left;\"><strong>I Belong Here, I Accept\u00a0You<\/strong><\/h3>\n<p style=\"text-align: left;\"><strong>Play \/ 09 \u2013 10. 04. 2022 \/ \u2018Laza Kosti\u0107\u2019 Grammar School\u00a0<\/strong><br \/>\nOrganiser: The\u00a0Iskrice\u00a0Musical-Dance Theatre<br \/>\nPartners: Elementary\u00a0School \u2018Junior\u2019, Kindergarten \u2018Smart\u2019<\/p>\n<h3 style=\"text-align: left;\"><strong>Citizens Thinking<\/strong><\/h3>\n<p style=\"text-align: left;\"><strong>Workshops \/ 09 \u2013 10. 04. 2022 \/ Svilara\u00a0Cultural Station<\/strong><br \/>\nOrganiser: Group Analytic Society Belgrade<br \/>\nPartners: Alma\u0161ani\u00a0Civic Society\u00a0in Novi Sad,\u00a0\u2018Ivan\u00a0Gunduli\u0107\u2019\u00a0Primary School, Student Organization of the Faculty of Medicine in Novi Sad, and the\u00a0\u2018Kultoks\u2019 Association of Novi Sad<\/p>\n<h3 style=\"text-align: left;\"><strong>Growing Up in the City of Culture<\/strong><\/h3>\n<p style=\"text-align: left;\"><strong>Exhibition and concerts \/ 09. 04 \u2013 30. 4. 2022 \/ Gallery of Matica Srpska\u00a0<\/strong><br \/>\nOrganiser:\u00a0Gallery of Matica Srpska<br \/>\nPartners:\u00a0\u2018Radosno\u00a0detinjstvo\u2019 Preschool Institution, Music Youth of Novi Sad, Belgrade Philharmonic Orchestra<\/p>\n<h3 style=\"text-align: left;\"><strong>CulturEssence<\/strong><\/h3>\n<p style=\"text-align: left;\"><strong>Flash mob, play\u00a0and\u00a0debate\u00a0 \/ 10. 04. 2022 \/ The Quay of the Victims of the Raid, City Concert Hall\u00a0<\/strong><br \/>\nOrganiser: O&amp;M Academy of Arts and Entertainment<br \/>\nPartners: Hardcut\u00a0(the Netherlands),\u00a0Dru\u0161tvo\u00a0zaveznikov\u00a0mehkega\u00a0pristanka,\u00a0Kr\u0161ko, Slovenia, Groove Dance Association, \u2018Faktor\u2019 Development Centre for Children and Adults<\/p>\n<h3 style=\"text-align: left;\"><strong>From Choir in Movement to Choral\u00a0Theatre<\/strong><\/h3>\n<p style=\"text-align: left;\"><strong>Workshops,\u00a0panels, performance\u00a0 \/ 26 \u2013 30. 04. 2022 \/ City Concert Hall<\/strong><br \/>\nOrganiser: Serbian Choral Association of Sombor<br \/>\nPartners: <em>Carmina Slovenica<\/em> (Slovenia), COOLIST Foundation<\/p>\n<h3 style=\"text-align: left;\"><strong>Invasion (Upad)\u00a0<\/strong><\/h3>\n<p style=\"text-align: left;\"><strong>Conference and Theatre Play\u00a0 \/ 21 \u2013 24. 03. and 09 \u2013 15. 05. 2022 \/ Liman Cultural Station and SCCNS Fabrika (Fabrika, entrance no. 1)<\/strong><br \/>\nOrganiser: Student Cultural Centre in Novi Sad<br \/>\nPartners: Centre for Theatre Research, \u2018Mi\u0161olovka\u2019 Youth Theatre, \u2018Ho\u0107u\u00a0u\u00a0pozori\u0161te\u2019, \u2018Per.Art\u2019 Association,\u00a0Novi Sad Theatre \u2013<em>\u00a0<\/em><em>\u00dajvid\u00e9ki\u00a0Sz\u00ednh\u00e1z<\/em>,\u00a0Ballet school in Novi Sad, Ballet school in\u00a0Pan\u010devo, Laza Kosti\u0107 Grammar School, AKUD \u2018Sonja Marinkovi\u0107\u2019,\u00a0Aerowaves\u00a0network, BeSpectative2! Network: 44\u00a0Kilowatt Festival (IT),\u00a0Artemrede\u00a0(PT),\u00a0Bakelit\u00a0Multi Art Center (HU), Brut (AT), BUDA (BE),\u00a0<em>CdAT<\/em><em>\u00a0\u2013 Caf\u00e9 de las Artes Teatro<\/em> (ES), Domino (HR), Dublin Theatre Festival (IE), Gothenburg Dance and Theatre Festival (SE), International Theatre Festival\u00a0<em>Divadeln\u00e1<\/em><em>\u00a0Nitra<\/em> (SK),\u00a0<em>Plesni<\/em><em>\u00a0Teater<\/em> (SI),\u00a0<em>R\u00e9seau\u00a0en\u00a0sc\u00e8ne<\/em><em>\u00a0Languedoc-Roussillon<\/em> (FR), <em>Tanec Praha<\/em> (CZ),\u00a0<em>Teatrul<\/em><em>\u00a0National Radu Stanca Sibiu<\/em> (RO) and the 4 research centers<em> Fondazione Fitzcarraldo<\/em> (IT), <em>Le CNRS<\/em> (FR), <em>Universitat de Barcelona<\/em> (ES),<em> Universit\u00e9 de Montpellier<\/em> (FR).<\/p>\n<h3><strong>Art in the Palm of\u00a0Your Hand\u00a0<\/strong><\/h3>\n<p><strong>Theatre\u00a0Festival and\u00a0exhibition\u00a0\/\u00a028. 4. \u2013 7. 5. 2022\u00a0\/\u00a0Creative District\u00a0<\/strong><br aria-hidden=\"true\" \/>Organiser:\u00a0Academy of Arts\u00a0of the University of\u00a0Novi Sad<\/p>\n<h3 style=\"text-align: left;\"><strong>Leave or Stay?<\/strong><\/h3>\n<p style=\"text-align: left;\"><strong>Exhibition and debate \/ 28. 04 \u2013 18. 06. 2022 \/ Suba\u2019s Plateau (Liman Park) and\u00a0Creative District\u00a0<\/strong><br \/>\nOrganiser: The Bel Art Gallery<br \/>\nPartners:\u00a0City Administration for Construction Land and Investments of the City of Novi Sad,\u00a0Academy of\u00a0Arts in Novi Sad<\/p>\n<h3 style=\"text-align: left;\"><strong>Drawings Travel\u00a0Through Time\u00a0<\/strong><\/h3>\n<p style=\"text-align: left;\"><strong>Exhibition\u00a0\/ 28. 04 \u2013 15. 05. 2022 \/ Creative District<\/strong><br \/>\nOrganiser: Centre for Art Education of Children and Youth<br \/>\nPartner: \u00a0Novi Sad Children\u2019s Cultural Centre<\/p>\n<h3 style=\"text-align: left;\"><strong>Monograph on Bogomil\u00a0Karlavaris: painter, scientist, pedagogue\u00a0<\/strong><\/h3>\n<p style=\"text-align: left;\"><strong>Book promotion \/ 28. 04 \u2013 15. 05. 2022 \/ Creative District<\/strong><br \/>\nOrganiser: \u2018Vojvodina\u2019 Association<\/p>\n<h3 style=\"text-align: left;\"><strong>Street Dance Festival\u00a0<\/strong><strong>Groovin\u2019<\/strong><\/h3>\n<p style=\"text-align: left;\"><strong>Street\u00a0Art\u00a0Festival\u00a0\/ 28 \u2013 30. 04. 2022 \/ Creative District<\/strong><br \/>\nOrganiser: Dance Association \u2018Groove\u2019<br \/>\nPartner: Citizen Association \u2018Streetwise\u2019<\/p>\n<h3 style=\"text-align: left;\"><strong>Nu \u2013 Jazz Fest<\/strong><strong>\u00a0<\/strong><\/h3>\n<p style=\"text-align: left;\"><strong>Concerts \/ 28 \u2013 30. 04. 2022 \/ \u00a0Creative District\u00a0<\/strong><br \/>\nOrganiser: \u2018Novi Sad \u2013 European Capital of Culture\u2019\u00a0Foundation<\/p>\n<h3 style=\"text-align: left;\"><strong>Fashion<\/strong><strong> Connection<\/strong><\/h3>\n<p style=\"text-align: left;\"><strong>Fashion show, workshops \/ 29 \u2013 30. 04. 2022 \/ Creative District<\/strong><br \/>\nOrganiser: National Fashion Chamber of Serbia<\/p>\n<h3 style=\"text-align: left;\"><b>Spots on the Heart<\/b><\/h3>\n<p style=\"text-align: left;\"><b>Play \/ 28 <strong>\u2013 <\/strong>29. 04. 2022 \/ SCCNS Fabrika (Fabrika, Entrance 1)<\/b><br \/>\nOrganiser: Student Cultural Centre Novi Sad<\/p>\n<h3 style=\"text-align: left;\"><strong>Know Your Rights\u00a0<\/strong><\/h3>\n<p style=\"text-align: left;\"><strong>Multimedia Art\u00a0\/ 30. 04. 2022 \/ Creative District<\/strong><br \/>\nOrganiser: Mafin Productions of audio-visual media\u00a0(Novi Sad)<br \/>\nPartner: Novi Sad Children\u2019s Cultural Centre<\/p>\n<h3 style=\"text-align: left;\"><strong>Find Your Balance! With the Circus?<\/strong><\/h3>\n<p style=\"text-align: left;\"><strong>Circus \/ 30. 04. 2022 \/ Liman Park and Creative District\u00a0<\/strong><br \/>\nOrganiser: Creative Factory<br \/>\nPartners: Ludifico; Timisoara\u00a0Circus\u00a0School, Romania; Society of Teachers from the Southern Banat Region;\u00a0Novi Sad Children\u2019s Cultural Centre<\/p>\n<h3 style=\"text-align: left;\"><strong>Novi Sad Theatre Games and Gulliver\u2019s Travels<\/strong><\/h3>\n<p style=\"text-align: left;\"><strong>Theatre Festival \/ 07 \u2013 15. 05. 2022 \/ Liberty Square and Youth Theatre\u00a0<\/strong><br \/>\nOrganiser: Youth Theatre<\/p>\n<h3 style=\"text-align: left;\"><strong>Do You Believe in Fairy Tales?<\/strong><\/h3>\n<p style=\"text-align: left;\"><strong>Theatre\u00a0Festival\u00a0\/ 07 \u2013 09. 05. 2022 \/\u00a0Rumenka\u00a0Cultural\u00a0Station<\/strong><br \/>\nOrganiser: Rumenka\u00a0Cultural Centre<br \/>\nPartners: \u2018Teatrilo\u2019 Association, \u2018KulturaNova\u2019 Association, \u2018Mi\u0161olovka\u2019 Youth Theatre<\/p>\n<h3 style=\"text-align: left;\"><strong>Literary Sail Along the Danube <\/strong><\/h3>\n<p style=\"text-align: left;\"><strong>Panel discussion \/ 06, 08 and 10. 05. 2022 \/ Cepelin\u00a0Caf\u00e9-Boat, French Institute\u00a0in\u00a0Serbia,\u00a0Svilara\u00a0Cultural Station\u00a0<\/strong><br \/>\nOrganiser: Academic Book<br \/>\nPartner: French Institute in Serbia<\/p>\n<h3 style=\"text-align: left;\"><strong>Drama of the Serbian National Theatre in the European Capital of Culture \u2013 Novi Sad 2022: Singing About Thebes<\/strong><\/h3>\n<p style=\"text-align: left;\"><strong>Play \/ 07. 05. 2022 \/ Serbian National Theatre\u00a0<\/strong><br \/>\nOrganiser: Serbian National Theatre<\/p>\n<h3 style=\"text-align: left;\"><strong>Children\u2019s Opera by Franjo\u00a0\u0160tefanovi\u0107<\/strong><\/h3>\n<p style=\"text-align: left;\"><strong>Children\u2019s opera \/ 07. 05. 2022 \/ Egys\u00e9g\u00a0Cultural Station\u00a0<\/strong><br \/>\nOrganiser: \u2018Josip\u00a0Jela\u010di\u0107\u00a0Memorial House\u2019 Foundation<br \/>\nPartners: \u2018Isidor Baji\u0107\u2019 School of Music, Lab Cultural Centre, \u2018Jovan\u00a0Du\u010di\u0107\u2019\u00a0Primary School, Culture and education\u00a0centre\u00a0\u2018Svetionik\u2019,\u00a0Croatian Cultural and Educational Society \u2018Jela\u010di\u0107\u2019<\/p>\n<h3><strong>The Phenomenon of Children\u2019s Operas by Franjo\u00a0\u0160tefanovi\u0107<\/strong><\/h3>\n<p><strong>Promotion of the edition \/ 07. 05. 2022 \/\u00a0Egys\u00e9g\u00a0Cultural Statio<\/strong><br \/>\nOrganiser: \u2018Josip\u00a0Jela\u010di\u0107\u00a0Memorial House\u2019 Foundation<\/p>\n<h3 style=\"text-align: left;\"><strong>\u2018Du\u0161a\u00a0i\u0161te\u00a0pozori\u0161te\u2019<\/strong><\/h3>\n<p style=\"text-align: left;\"><strong>Plays, exhibition \/ 07 \u2013 15. 05. 2022 \/ Barka Cultural Station<\/strong><br \/>\nOrganiser: \u2018Pozori\u0161tanci\u2019 School of Acting, Singing and Dance<br \/>\nPartner: \u2018Radost\u00a0stvaranja\u2019 Association<\/p>\n<h3 style=\"text-align: left;\"><strong>Europe XXL <\/strong><\/h3>\n<p style=\"text-align: left;\"><strong>Children\u2019s operas\u00a0\/ 07 \u2013 15. 05. 2022 \/ Cultural stations in Novi Sad and Zone 021\u00a0<\/strong><br \/>\nOrganiser: &#8216;Visoko\u00a0C&#8217; Association of Artists<\/p>\n<h3 style=\"text-align: left;\"><strong>Ksenija and the Bishop<\/strong><\/h3>\n<p style=\"text-align: left;\"><strong>Concerts for children \/ 07, 09. and 11. 05. 2022 \/ Primary schools in Zone 021 and\u00a0Egys\u00e9g\u00a0Cultural Station\u00a0\u00a0<\/strong><br \/>\nOrganiser: Novi Sad Wind Quintet<br \/>\nPartners: \u2018Isidor Baji\u0107\u2019 School of Music,\u00a0\u2018Josip\u00a0Slavenski\u2019 Primary School,\u00a0\u2018\u0110ura\u00a0Jak\u0161i\u0107\u2019 Primary School\u00a0(Ka\u0107), \u2018Laza Kosti\u0107\u2019 Primary School (Kovilj), \u2018Marija\u00a0Trandafil\u2019 Primary\u00a0School (Veternik),\u00a0Rumenka\u00a0Cultural Station, \u2018Mladost\u2019 Cultural Centre (Futog),\u00a0\u2018Petefi\u00a0\u0160andor\u2019 Hungarian Cultural Centre (Telep),\u00a0Novi Sad Children&#8217;s Cultural Centre, \u2018Petefi\u00a0\u0160andor\u2019 Cultural-Artistic Society\u00a0(Budisava), Bukovac Cultural Station,\u00a0Egys\u00e9g\u00a0Cultural Station<\/p>\n<h3 style=\"text-align: left;\"><strong>Rogalj (Corner)<\/strong><\/h3>\n<p style=\"text-align: left;\"><strong>Concert\u00a0\/ 07, 08. and 14. 05. 2022 \/ Danube Park,\u00a0Ka\u0107\u00a0and\u00a0Kovilj<\/strong><br \/>\nOrganiser: Centre for\u00a0Tamburitza\u00a0Culture, Novi Sad<br \/>\nPartners: Elementary schools\u00a0&#8211;\u00a0\u2018\u0110ura\u00a0Jak\u0161i\u0107\u2019,\u00a0\u2018Ivo Andri\u0107\u2019,\u00a0\u2018Laza Kosti\u0107\u2019<\/p>\n<h3 style=\"text-align: left;\"><strong>Literary Trail <\/strong><\/h3>\n<p style=\"text-align: left;\"><strong>Marathon \/ 08. 05. 2022 \/ Fru\u0161ka gora <\/strong><br \/>\nOrganiser: Novi Sad Children\u2019s Cultural Centre<br \/>\nPartner: \u2018\u017delezni\u010dar\u2019 Mountaineering and Skiing Association<\/p>\n<h3 style=\"text-align: left;\"><strong>Falcon\u2019s Song<\/strong><\/h3>\n<p style=\"text-align: left;\"><strong>Play \/ 13 \u2013 15. 05. 2022 \/ Novi Sad Theatre \u2013 <em>\u00dajvid\u00e9ki Sz\u00ednh\u00e1z <\/em><\/strong><br \/>\nOrganiser: National Folk Dance and Song Ensemble \u2018KOLO\u2019<\/p>\n<p style=\"text-align: left;\"><a href=\"https:\/\/novisad2022.rs\/en\/heroines\/\"><img loading=\"lazy\" decoding=\"async\" src=\"https:\/\/novisad2022.rs\/wp-content\/uploads\/2021\/10\/logotipi-lukova-za-sajt-04.png\" alt=\"\" width=\"500\" height=\"263\" \/><\/a><\/p>\n<h1 style=\"text-align: left;\"><strong>16 \u041c\u0410Y \u2013 12 JUNE 2022<\/strong><\/h1>\n<h3 style=\"text-align: left;\"><em><strong>Voces INTIMAE <\/strong><\/em><\/h3>\n<p style=\"text-align: left;\"><strong>Concert \/ 21. 05. 2022 \/ Svilara\u00a0Cultural Station<\/strong><br \/>\nOrganiser: TAJJ String Quartet<br \/>\nPartner: Academy of Arts Novi Sad<\/p>\n<h3 style=\"text-align: left;\"><strong>The Female Thread<\/strong><strong>\u00a0<\/strong><\/h3>\n<p style=\"text-align: left;\"><strong>Applied arts\u00a0\/ 18. 05. 2022 \/ Creative District<\/strong><br \/>\nOrganiser: Atelje\u00a061 Institute for Tapestry Weaving<\/p>\n<h3 style=\"text-align: left;\"><strong><em>ARS E FEMMINA<\/em><\/strong><\/h3>\n<p style=\"text-align: left;\"><strong>Multimedia art, music, performance \/ 19, 20 and 22. 05. and 07. 06. 2022 \/ Egys\u00e9g Cultural Station, Pavle\u00a0Beljanski Memorial Collection and Serbian National Theatre<\/strong><br \/>\nOrganiser: <em>DOF Production<\/em> (Novi Sad)<\/p>\n<h3 style=\"text-align: left;\">Night of Heroines<\/h3>\n<p style=\"text-align: left;\"><strong>Concert \/ 20 and 22. 05. 2022 \/Svilara\u00a0and\u00a0Egys\u00e9g\u00a0cultural stations<\/strong><br \/>\nOrganiser: <em>BoInside<\/em><\/p>\n<h3 style=\"text-align: left;\"><strong>Sorceresses<\/strong><\/h3>\n<p style=\"text-align: left;\"><strong>Concert \/ 21. 05. 2022 \/ Egys\u00e9g\u00a0Cultural Station<\/strong><br \/>\nOrganiser: Music-Opera-Theatre Organization (Belgrade)<\/p>\n<h3 style=\"text-align: left;\">Collection of Jovanka Broz<\/h3>\n<p style=\"text-align: left;\"><strong>Exhibition \/ 18. 05 \u2013 21. 08.\u00a02022 \/ Gallery of Matica Srpska<\/strong><br \/>\nOrganiser: Gallery of Matica Srpska<br \/>\nPartner: Museum of Yugoslavia<\/p>\n<h3 style=\"text-align: left;\"><strong>The 7th International Accordion and Chamber Music Festival \u2018EUFONIJA\u2019<\/strong><\/h3>\n<p style=\"text-align: left;\"><strong>Concert \/ 18. 05. 2022 \/ Serbian National Theatre<\/strong><br \/>\nOrganiser: Citizen Association \u2018Eufonija\u2019<br \/>\nPartner: Vojvodina Symphony Orchestra<\/p>\n<h3 style=\"text-align: left;\"><strong>The Scarf as Cultural Marker<\/strong><\/h3>\n<p style=\"text-align: left;\"><strong>Applied Arts \/ 19. 05. 2022 \/ Museum of Contemporary Art of Vojvodina and Svilara\u00a0Cultural Station\u00a0<\/strong><br \/>\nOrganiser: Association of Feminist Organizations of Novi Sad \u2018(Re)connection\u2019<br \/>\nPartners: Museum of Vojvodina, The Women\u2019s Museum\u00a0&#8211; Nuremberg; The Women\u2019s Museum\u00a0&#8211;\u00a0Istanbul<\/p>\n<h3 style=\"text-align: left;\"><strong>Heroines of the Pavle\u00a0Beljanski\u00a0Memorial Collection<\/strong><\/h3>\n<p style=\"text-align: left;\"><strong>Exhibition \/ 20. 05. 2022 \/ Pavle\u00a0Beljanski\u00a0Memorial Collection<\/strong><br \/>\nOrganiser: Pavle\u00a0Beljanski\u00a0Memorial Collection<br \/>\nPartners: Bulevar\u00a0Books, Association of Feminist Organizations of Novi Sad \u2018(Re)connection\u2019<\/p>\n<h3 style=\"text-align: left;\"><strong>Under the Glow of Star<\/strong><\/h3>\n<p style=\"text-align: left;\"><strong>Concert<\/strong><br \/>\nOrganiser: The Melanija\u00a0Bugarinovi\u0107\u00a0and Daughter Mirjana\u00a0Kalinovi\u0107-Kalin Fund for the advancement of youth vocal arts in Novi Sad, Music Youth of Novi Sad<\/p>\n<h3 style=\"text-align: left;\"><strong>From a Woman\u2019s Perspective<\/strong><\/h3>\n<p style=\"text-align: left;\"><strong>Exhibition \/ 21. 05. 2022 \/ Cultural\u00a0centre\u00a0\u2018Karlovci\u00a0Art Workshop\u2019\u00a0(Sremski\u00a0Karlovci)<\/strong><br \/>\nOrganiser: Czech Beseda Association in Novi Sad<br \/>\nPartner: Karlovci\u00a0Art Workshop<\/p>\n<h3 style=\"text-align: left;\">The First Heroine in Serbian Science\u00a0<strong>\u2013 Mileva Mari\u0107 Einstein<\/strong><\/h3>\n<p style=\"text-align: left;\"><strong>Book promotion \/ 28. 05. 2022<\/strong><br \/>\nOrganiser: \u2018Akademska\u00a0knjiga\u2019 publishing house<\/p>\n<h3 style=\"text-align: left;\"><strong>Prof. dr. Pavica\u00a0Mrazovi\u0107\u00a0\u2013 Life and Work\u00a0<\/strong><\/h3>\n<p style=\"text-align: left;\"><strong>Book promotion \/ 27. 05. 2022 \/ Svilara Cultural Station,<\/strong><br \/>\nOrganiser: Creative Centar \u2018Vigvam\u2019<br \/>\nPartner: Guitarists Association of Vojvodina<\/p>\n<h3 style=\"text-align: left;\"><strong>Mileva Mari\u0107 Einstein \u2013 A Ray of Light<\/strong><\/h3>\n<p style=\"text-align: left;\"><strong>Play \/ Serbian National Theatre<\/strong><br \/>\nOrganiser: Sterijino pozorje<br \/>\nPartner: Sombor\u00a0National Theatre<\/p>\n<h3 style=\"text-align: left;\"><strong>Free Voices Katalin and Aleksija\u00a0<\/strong><strong>(Play: \u2018Aleksija\u2019)<\/strong><\/h3>\n<p style=\"text-align: left;\"><strong>Theatre<\/strong><br \/>\nOrganiser: National Theatre in Belgrade<br \/>\nPartner: Sterijino pozorje<\/p>\n<h3 style=\"text-align: left;\"><em><strong>Monika Werkstatt<\/strong><\/em><\/h3>\n<p style=\"text-align: left;\"><strong>Concerts and a public workshop \/ 10 \u2013 12. 06. 2022 \/ \u00a0Museum of Contemporary Art of Vojvodina\u00a0<\/strong><br \/>\nOrganiser: 2K+<\/p>\n<h3 style=\"text-align: left;\">\u2018Vila\u2019<\/h3>\n<p style=\"text-align: left;\"><strong>Art Festival \/ 03 \u2013 05. 06. 2022 \/ Vrdnik <\/strong><br \/>\nOrganiser: Foundation \u2018Novi Sad \u2013 European Capital of Culture\u2019<\/p>\n<h3 style=\"text-align: left;\"><strong>As a Doe Searches for Streams<\/strong><\/h3>\n<p style=\"text-align: left;\"><strong>Exhibition \/ 04. 06. 2022 \/ Cultural Centre of Novi Sad<\/strong><br \/>\nOrganiser: Ni\u0161\u00a0Cultural Centre<br \/>\nPartner:\u00a0Cultural Centre of Novi Sad<\/p>\n<h3 style=\"text-align: left;\"><strong>Poetess Milica Stojadinovi\u0107 Srpkinja <\/strong><\/h3>\n<p style=\"text-align: left;\"><strong>Performance, play \/ 03. 06. 2022 \/ Fru\u0161ke terme, Vrdnik<\/strong><br \/>\nOrganiser: \u2018Novi tvr\u0111ava teatar\u2019<br \/>\nPartner: Novi Sad Theatre <strong>\u2013<\/strong>\u00a0<em>\u00dajvid\u00e9ki Sz\u00ednh\u00e1z<\/em><\/p>\n<h3><strong>\u2018Fru\u0161ka\u00a0bajka\u2019<\/strong><\/h3>\n<p><strong>Picture book promotion \/ 04. 06. 2022 \/ Fru\u0161ke terme, Vrdnik<\/strong><br \/>\nOrganiser: Novi Sad City Library<\/p>\n<h3 style=\"text-align: left;\"><strong>The Autonomous Festival of Women (AF\u017d)\u00a0<\/strong><\/h3>\n<p style=\"text-align: left;\"><strong>Festival \/ 06 \u2013 12. 06. 2022 \/ Museum of Contemporary Art of Vojvodina\u00a0<\/strong><br \/>\nOrganiser: \u2018OF Novi Sad\u2019 Association of Citizens<br \/>\nPartners: The Heart Centre for Emotional Support and Suicide Prevention, SOS\u00a0Women\u2019s Centre,<em> Femme Praxis<\/em><em>\u00a0<\/em><\/p>\n<h3 style=\"text-align: left;\"><strong>Zero Tolerance for Violence Against Women\u00a0\u2013 World Biennial Exhibition of Student Posters and Photography\u00a0<\/strong><\/h3>\n<p style=\"text-align: left;\"><strong>Applied Arts \/ 06. 06. 2022 \/ Svilara\u00a0Cultural Station\u00a0<\/strong><br \/>\nOrganiser: Academy of Arts in Novi Sad<br \/>\nPartner: LAB Cultural Centre<\/p>\n<h3 style=\"text-align: left;\"><strong>Drama About the End of the World<\/strong><\/h3>\n<p style=\"text-align: left;\"><strong>Play \/ 10. 06. 2022 \/ Dunavski park <\/strong><br \/>\nOrganiser: \u2018Gorgone\u2019\u00a0Association of Citizens (Belgrade)<br \/>\nPartner: <em>Flying Ginger and<\/em>\u00a0Atelje 212<\/p>\n<h3 style=\"text-align: left;\">European Women&#8217;s Remembrance <strong>\u2013\u00a0<\/strong>REWOMEN<\/h3>\n<p style=\"text-align: left;\"><strong>Conference \/ 09 \u2013 12. 06. 2022 \/ Archives of Vojvodina<\/strong><br \/>\nOrganiser: Archives of Vojvodina<br \/>\nPartners: SOS Women\u2019s Centre, Women\u2019s Studies and Research,\u00a0The Initiative for Rightfulness, Innovation and Democratic Activities, Scientific Research Centre at the Slovenian Academy of Sciences and Arts\u00a0(Slovenia),\u00a0France Stele Institute of Art History, Ljubljana (Slovenia); University at Maribor, Faculty of Philosophy, Maribor (Slovenia);\u00a0Ptuj\u00a0Tourism Public Institute,\u00a0Ptuj (Slovenia) BTT Youth Association,\u00a0Ptuj\u00a0(Slovenia);\u00a0Polyplanity, Athens (Greece); <em>Amaka\u00a0<\/em><em>astiki\u00a0mi\u00a0kordoskopiki\u00a0etaipia<\/em>, Athens (Greece); Beyond Barriers, Tirana (Albania); multicultural city\u00a0e.V, Berlin (Germany);\u00a0Women&#8217;s Alliance for Development (Nik\u0161i\u0107, Montenegro);\u00a0 Institut\u00a0des\u00a0 Croisements, Villeurbanne (France); <em>Agor\u00e0<\/em><em>\u00a0Societ\u00e0 Cooperativa Sociale<\/em>, Genoa (Italy);\u00a0<em>Fundacja<\/em><em>\u00a0S\u0142awek<\/em>, Warsaw (Poland);\u00a0Stichting\u00a0Tumba,\u00a0Leeuwaarden\u00a0(the Netherlands)<\/p>\n<h3 style=\"text-align: left;\"><strong>The Feminist Avantgarde <\/strong><\/h3>\n<p style=\"text-align: left;\"><strong>Exhibition \/ 19. 05. 2022 \/ Museum of Contemporary Art of Vojvodin<\/strong><br \/>\nOrganiser: Museum of Contemporary Art of Vojvodina<br \/>\nPartners: Austrian Cultural Forum (Belgrade) and\u00a0<em>Sammlung<\/em><em>\u00a0Verbund<\/em> Collection\u00a0(Vienna, Austria)<\/p>\n<h3 style=\"text-align: left;\"><strong>Heroines at the Zenith<\/strong><\/h3>\n<p style=\"text-align: left;\"><strong>Festival \/ 09 \u2013 12. 06. 2022 \/ Zenit books <\/strong><br \/>\nOrganiser: Zenit books<\/p>\n<h3 style=\"text-align: left;\"><strong>Novi Sad: Several Sketches, a Few Pictures and One Interpretation<\/strong><strong>\u00a0<\/strong><\/h3>\n<p style=\"text-align: left;\"><strong>Concert \/ 09.06.2022 \/ Synagogue<\/strong><br \/>\nOrganiser: (Re)connection Alliance of Feminist Organizations<\/p>\n<h3><strong>Katalin Ladik \u2013 Can I Live on Your Face?\u00a0<\/strong><\/h3>\n<p><strong>Book promotion \/ 11.06.2022 \/ Museum of Contemporary Art of Vojvodina\u00a0<\/strong><br \/>\nOrganiser: (Re)connection Alliance of Feminist Organizations<br \/>\nPartner:\u00a0\u2018Forum\u2019 Publishing House<\/p>\n<h3 style=\"text-align: left;\"><strong>The Palace<\/strong><\/h3>\n<p style=\"text-align: left;\"><strong>Performance \/ 12. 06. 2022 \/ Egys\u00e9g\u00a0Cultural Station\u00a0<\/strong><br \/>\nOrganiser: \u2018Marksenik\u2019 Association<br \/>\nPartner: &#8216;Bel Art&#8217; Gallery (Novi Sad)<\/p>\n<h3 style=\"text-align: left;\"><strong>Mileva <\/strong><\/h3>\n<p style=\"text-align: left;\"><strong>Multimedia art\u00a0\u00a0\/ 29. 05. 2022 \/ City Museum of Novi Sad<\/strong><br \/>\nCity Museum of Novi Sad, \u2018Novi Sad \u2013 European Capital of Culture\u2019 Foundation, City Administration for Construction Land and Investments of the City of Novi Sad<\/p>\n<p style=\"text-align: left;\"><a href=\"https:\/\/novisad2022.rs\/en\/fortress-of-peace\/\"><img loading=\"lazy\" decoding=\"async\" src=\"https:\/\/novisad2022.rs\/wp-content\/uploads\/2021\/10\/logotipi-lukova-za-sajt-05.png\" alt=\"\" width=\"500\" height=\"263\" \/><\/a><\/p>\n<h1 style=\"text-align: left;\"><strong>17 JUNE \u2013 17 JULY 2022<\/strong><\/h1>\n<h3 style=\"text-align: left;\"><strong>To Search for or Offer Shelter \/ From Novi Sad Raid to Auschwitz: Novi Sad \u2013 the City of Remembrance<\/strong><\/h3>\n<p style=\"text-align: left;\"><strong>Panel discussion \/ 17. 06. 2022 \/ Historical Archives of the City of Novi Sad<\/strong><br \/>\nOrganiser: <em>Terraforming<\/em><br \/>\nPartners: Archives of Vojvodina, Cultural Centre of Novi Sad, <em>The European Association for the Preservation and Promotion of Jewish Culture and Heritage<\/em> (Luxembourg), <em>The Jewish Museum Greece<\/em> (Athens, Greece), <em>The Galicia Jewish Museum<\/em> (Krak\u00f3w, Poland), <em>CENTROPA-Zentrum f\u00fcr j\u00fcdische Geschichte des 20. Jahrhunderts<\/em> (Hamburg, Germany), <em>Jugend &amp; Kulturprojekt<\/em> (Dresden, Nema\u010dka)<\/p>\n<h3 style=\"text-align: left;\"><strong>An Exhibition of Graphic Novels on the Holocaust \/ From Novi Sad Raid to Auschwitz: Novi Sad \u2013 the City of Remembrance<\/strong><\/h3>\n<p style=\"text-align: left;\"><strong>Exhibition \/ 17. 06. 2022 \/ Kulturna stanica Svilara <\/strong><br \/>\nOrganiser: <em>Terraforming<\/em><br \/>\nPartners: Archives of Vojvodina, Cultural Centre of Novi Sad, <em>The European Association for the Preservation and Promotion of Jewish Culture and Heritage<\/em> (Luxembourg), <em>The Jewish Museum Greece<\/em> (Athens, Greece), <em>The Galicia Jewish Museum<\/em> (Krak\u00f3w, Poland), <em>CENTROPA-Zentrum f\u00fcr j\u00fcdische Geschichte des 20. Jahrhunderts<\/em> (Hamburg, Germany), <em>Jugend &amp; Kulturprojekt<\/em> (Dresden, Nema\u010dka)<\/p>\n<h3 style=\"text-align: left;\"><strong>The Game of Generations \/<\/strong><strong>\u00a0From Novi Sad Raid to Auschwitz: Novi Sad \u2013 the City of Remembrance<\/strong><\/h3>\n<p style=\"text-align: left;\"><strong>Panel discussion \/ 17. 06. 2022 \/ Svilara Cultural Station<\/strong><br \/>\nOrganiser: <em>Terraforming<\/em><br \/>\nPartners: Archives of Vojvodina, Cultural Centre of Novi Sad, <em>The European Association for the Preservation and Promotion of Jewish Culture and Heritage<\/em> (Luxembourg), <em>The Jewish Museum Greece<\/em> (Athens, Greece), <em>The Galicia Jewish Museum<\/em> (Krak\u00f3w, Poland), <em>CENTROPA-Zentrum f\u00fcr j\u00fcdische Geschichte des 20. Jahrhunderts<\/em> (Hamburg, Germany), <em>Jugend &amp; Kulturprojekt<\/em> (Dresden, Nema\u010dka)<\/p>\n<h3 style=\"text-align: left;\"><strong>The Culture of Sephardic Jews \/ Synagogue \u2013 the meeting point<\/strong><\/h3>\n<p style=\"text-align: left;\"><strong>Gastronomy \/ 17. 06. 2022 \/ Svilara Cultural Station<\/strong><br \/>\nOrganiser: Jewish Community Novi Sad<\/p>\n<h3 style=\"text-align: left;\"><strong>Chamber Symphony (Shostakovich) \/ NEO Festival<\/strong><\/h3>\n<p style=\"text-align: left;\"><strong>Concert \/ 17. 06. 2022 \/ Svilara Cultural Station<\/strong><\/p>\n<h3 style=\"text-align: left;\"><strong>The Kiosk of Memories<\/strong><\/h3>\n<p style=\"text-align: left;\"><strong>Performance \/ 23. 06 \u2013 17. 07. 2022 \/ Svilara\u00a0Cultural Station, Creative District, Liberty Square and other locations\u00a0<\/strong><br \/>\nOrganiser: \u2018Robin KUD\u2019<br \/>\nPartner: Theatre \u2018Promena\u2019<\/p>\n<h3 style=\"text-align: left;\"><strong>Life after the Holocaust\u00a0<\/strong><strong>\/<\/strong><strong>\u00a0From Novi Sad Raid to Auschwitz: Novi Sad \u2013 the City of Remembrance<\/strong><\/h3>\n<p style=\"text-align: left;\"><strong>Panel discussion \/ 18. 06. 2022 \/ Svilara Cultural Station<\/strong><br \/>\nOrganiser: <em>Terraforming<\/em><br \/>\nPartners: Archives of Vojvodina, Cultural Centre of Novi Sad, <em>The European Association for the Preservation and Promotion of Jewish Culture and Heritage<\/em> (Luxembourg), <em>The Jewish Museum Greece<\/em> (Athens, Greece), <em>The Galicia Jewish Museum<\/em> (Krak\u00f3w, Poland), <em>CENTROPA-Zentrum f\u00fcr j\u00fcdische Geschichte des 20. Jahrhunderts<\/em> (Hamburg, Germany), <em>Jugend &amp; Kulturprojekt<\/em> (Dresden, Nema\u010dka)<\/p>\n<h3 style=\"text-align: left;\"><strong>Exhibition of Graphic Novels about the Novi Sad Raid\u00a0<\/strong><strong>\/<\/strong><strong>\u00a0From Novi Sad Raid to Auschwitz: Novi Sad \u2013 the City of Remembrance<\/strong><\/h3>\n<p style=\"text-align: left;\"><strong>Exhibition \/ 18. 06. 2022 \/ Kej \u017ertava racije <\/strong><br \/>\nOrganiser: <em>Terraforming<\/em><br \/>\nPartners: Archives of Vojvodina, Cultural Centre of Novi Sad, <em>The European Association for the Preservation and Promotion of Jewish Culture and Heritage<\/em> (Luxembourg), <em>The Jewish Museum Greece<\/em> (Athens, Greece), <em>The Galicia Jewish Museum<\/em> (Krak\u00f3w, Poland), <em>CENTROPA-Zentrum f\u00fcr j\u00fcdische Geschichte des 20. Jahrhunderts<\/em> (Hamburg, Germany), <em>Jugend &amp; Kulturprojekt<\/em> (Dresden, Nema\u010dka)<\/p>\n<h3 style=\"text-align: left;\"><strong>Sisters of Baruh Brothers <\/strong><strong>\/<\/strong><strong>\u00a0From Novi Sad Raid to Auschwitz: Novi Sad \u2013 the City of Remembrance<\/strong><\/h3>\n<p style=\"text-align: left;\"><strong>Exhibition \/ 18. 06. 2022 \/ Kej \u017ertava racije <\/strong><br \/>\nOrganiser: <em>Terraforming<\/em><br \/>\nPartners: Archives of Vojvodina, Cultural Centre of Novi Sad, <em>The European Association for the Preservation and Promotion of Jewish Culture and Heritage<\/em> (Luxembourg), <em>The Jewish Museum Greece<\/em> (Athens, Greece), <em>The Galicia Jewish Museum<\/em> (Krak\u00f3w, Poland), <em>CENTROPA-Zentrum f\u00fcr j\u00fcdische Geschichte des 20. Jahrhunderts<\/em> (Hamburg, Germany), <em>Jugend &amp; Kulturprojekt<\/em> (Dresden, Nema\u010dka)<\/p>\n<h3 style=\"text-align: left;\"><strong>Exhibition of Paintings by Melita Kraus \/\u00a0<\/strong><strong>Synagogue \u2013 the meeting point<\/strong><\/h3>\n<p style=\"text-align: left;\"><strong>Exhibition, discussion \/ 18. 06. 2022 \/ Small Art Salon of the Cultural Centre of Novi Sad and Svilara Cultural Station<\/strong><br \/>\nOrganiser: Jewish Community Novi Sad<\/p>\n<h3 style=\"text-align: left;\"><strong>Quartet for the End of Time (<b>Messiaen<\/b>) \/ NEO Festival<\/strong><\/h3>\n<p style=\"text-align: left;\"><strong>Concert \/ 18. 06. 2022 \/ City Hall\u00a0<\/strong><\/p>\n<h3 style=\"text-align: left;\"><strong>Apolonija and Marija <\/strong><\/h3>\n<p style=\"text-align: left;\"><strong>Exhibition \/ 18. 06 \u2013 01. 07. 2022 \/ Art Salon of the Cultural Centre of Novi Sad<\/strong><br \/>\nOrganiser: Student Cultural Centre of Novi Sad<\/p>\n<h3 style=\"text-align: left;\"><strong>Spots on the Heart<\/strong><\/h3>\n<p style=\"text-align: left;\"><strong>Play \/ 18. 06. 2022 \/ Summer stage of the Cultural Centre of Novi Sad\u00a0\u00a0<\/strong><br \/>\nOrganiser: Student Cultural Centre of Novi Sad<\/p>\n<h3 style=\"text-align: left;\"><strong>Righteous Among the Nations<\/strong><\/h3>\n<p style=\"text-align: left;\"><strong>Izlo\u017eba \/ 19. 6 \u2013 19. 7. 2022 \/ Youth Forum\u00a0of the Cultural Centre of Novi Sad\u00a0<\/strong><br \/>\nOrganiser: Cultural Centre of Novi Sad<br \/>\nPartner: Remembrance\u00a0centre\u00a0\u2018Yad Vashem\u2019 (Israel)<\/p>\n<h3 style=\"text-align: left;\"><strong>The Day of Ice<\/strong><strong>\u00a0<\/strong><\/h3>\n<p style=\"text-align: left;\"><strong>Performance \/ 19. 06. 2022 \/ Katoli\u010dka porta <\/strong><br \/>\nOrganiser: Multimedia Centre \u2018LED Art\u2019<\/p>\n<h3 style=\"text-align: left;\"><strong>Stringers<\/strong><\/h3>\n<p style=\"text-align: left;\"><strong>Exhibition \/ 19. 06. 2022 \/\u00a0Theatre square\u00a0<\/strong><br \/>\nOrganiser: Centre for Holocaust Research and Education in Belgrade<\/p>\n<h3 style=\"text-align: left;\"><strong>Performance of choir <em>Hashira<\/em>, dance group <em>Maayan<\/em> and quartet <em>Kol\u00a0<\/em><em>shel\u00a0k\u2019fir \/\u00a0<\/em><\/strong><strong>Synagogue \u2013 the meeting point<\/strong><\/h3>\n<p style=\"text-align: left;\"><strong>Musical-stage performance \/ 19. 06. 2022 \/ Synagogue <\/strong><br \/>\nOrganiser: Jewish Community Novi Sad<br \/>\nPartner: Konrad Adenauer Foundation<\/p>\n<h3><strong>Symphony no. 2 \u2018Resurrection\u2019 (Maler)<\/strong><\/h3>\n<p><strong>Concert \/ 19. 06. 2022<\/strong><br \/>\nOrganiser: Vojvodina Symphony Orchestra<br \/>\nPartner: Musical Youth Novi Sad<\/p>\n<h3 style=\"text-align: left;\"><strong>European Days of Jewish Culture\u00a0<\/strong><strong>\/<\/strong><strong>\u00a0From Novi Sad Raid to Auschwitz: Novi Sad \u2013 the City of Remembrance<\/strong><\/h3>\n<p><strong>Concert, discussions, exhibitions \/ 19. 06. 2022 \/ Serbian National Theatre and Synagogue<\/strong><br \/>\nOrganiser: Terraforming<br \/>\nPartner: Association for the Preservation and Promotion of Jewish Culture and Heritage<\/p>\n<h3 style=\"text-align: left;\"><strong>A Novi Sad Debate about Europe \/ On the Margin<\/strong><\/h3>\n<p style=\"text-align: left;\"><strong>Discussion \/ 23 and 24. 06. 2022 \/ Creative District<\/strong><br \/>\nOrganiser: KROKODIL Association<\/p>\n<h3 style=\"text-align: left;\"><strong>\u2018Gigantomahija\u2019\u00a0<\/strong><strong>\/ On the Margin<\/strong><\/h3>\n<p style=\"text-align: left;\"><strong>Discussion \/ 23 and 24. 06. 2022 \/ Creative District<\/strong><br \/>\nOrganiser: KROKODIL Association<\/p>\n<h3 style=\"text-align: left;\"><strong>Sofa Interview\u00a0<\/strong><strong>\/ On the Margin<\/strong><\/h3>\n<p style=\"text-align: left;\"><strong>Lecture \/ 23 and 24. 06. 2022 \/ Creative District<\/strong><br \/>\nOrganiser: KROKODIL Association<\/p>\n<h3 style=\"text-align: left;\"><strong>In Search of Europe<\/strong><strong>\u00a0<\/strong><\/h3>\n<p style=\"text-align: left;\"><strong>Exhibition \/ 23. 06 \u2013 23. 08. 2022 \/\u00a0Belgrade Quay, Quay of the Victims of the Raid, the Sunny Quay\u00a0<\/strong><br \/>\nOrganiser: Terraforming<br \/>\nPartners: Archives of Vojvodina, Konrad Adenauer Foundation<\/p>\n<h3 style=\"text-align: left;\"><strong>Peace and Law<\/strong><strong>\u00a0<\/strong><\/h3>\n<p style=\"text-align: left;\"><strong>Conference, panel discussion \/ 23 \u2013 25. 06. 2022 \/ Faculty of Law and Creative District<\/strong><br \/>\nOrganiser: Faculty of Law of the University of Novi Sad<br \/>\nPartners: <em>Juristische Fakult\u00e4t, Universit\u00e4t Potsdam<\/em> (Potsdam, Germany),<em> Szegedi Tudom\u00e1nyegyetem \u00c1llam-\u00e9s Jogtudom\u00e1nyi Kar\u00e1nak<\/em> (Szeged, Hungary)<\/p>\n<h3 style=\"text-align: left;\"><strong>From Noise to Sound<\/strong><strong>\u00a0<\/strong><\/h3>\n<p style=\"text-align: left;\"><strong>Concert \/ 23. 06. 2022 \/ Creative Distric<\/strong><br \/>\nOrganiser: Academy of Arts of the University of Novi Sad<br \/>\nPartners: <em>APORON 21<\/em> (Graz, Austrija), NEO festival<\/p>\n<h3 style=\"text-align: left;\"><strong>Imaginary Borders<\/strong><\/h3>\n<p style=\"text-align: left;\"><strong>Exhibition, discussion \/ 24. 06 \u2013 24. 08. 2022 \/ Suba\u2019s Plateau in Liman Park<\/strong><br \/>\nOrganiser: \u2018Bel Art\u2019\u00a0Gallery<br \/>\nPartners: Kurs Collective, \u2018Novi Sad \u2013 European Capital of Culture\u2019 Foundation,\u00a0City Administration for Construction Land and Investments of the City of Novi Sad<\/p>\n<h3 style=\"text-align: left;\"><strong>The SOC Festival of EUTOPIA Reconciliation<\/strong><\/h3>\n<p style=\"text-align: left;\"><strong>Lecture, screenings, debates \/ 25 \u2013 27. 06. 2022 \/ Creative District<\/strong><br \/>\nOrganiser: Faculty of Philosophy of the University of\u00a0Novi\u00a0Sad<br \/>\nPartners: Youth Initiative for Human Rights,\u00a0Institute for Philosophy and Social Theory (Belgrade), Austrian Cultural Forum (Belgrade)<\/p>\n<h3 style=\"text-align: left;\"><strong>Beethoven Marathon<\/strong><\/h3>\n<p style=\"text-align: left;\"><strong>Concerts \/ 26. 06. 2022 \/ City Concert Hall, Petrovaradin Fortress<\/strong><br \/>\nOrganiser: Belgrade Philharmonic Orchestra<br \/>\nPartners: Dortmund Philharmonic,\u00a0Slovak Philharmonic Choir, Belgrade Philharmonic Orchestra, Novi Sad\u00a0\u2013\u00a0European Capital of Culture Foundation<\/p>\n<h3 style=\"text-align: left;\"><strong>Bach Marathon\u00a0(Jean-Guihen\u00a0Queyras)<\/strong><strong>\u00a0<\/strong><\/h3>\n<p style=\"text-align: left;\"><strong>Concert \/ 24. 06. 2022 \/ City Concert Hall\u00a0<\/strong><\/p>\n<h3 style=\"text-align: left;\"><strong>The Open Process<\/strong><strong>\u00a0<\/strong><\/h3>\n<p style=\"text-align: left;\"><strong>Multimedia exhibition, discussion, movie screenings\/ 01. 07. 2022 \/ Svilara\u00a0Cultural Station\u00a0<\/strong><br \/>\nOrganiser:\u00a0ASA-FF.e.V.\u00a0(Chemnitz, Germany)<\/p>\n<h3 style=\"text-align: left;\"><strong>From Noise to Sound<\/strong><strong>\u00a0<\/strong><\/h3>\n<p style=\"text-align: left;\"><strong>Exhibition \/ 01. 07. 2022 \/ Muzej Vojvodine <\/strong><br \/>\nOrganiser: Academy of Arts of the University of Novi Sad<br \/>\nPartner: Museum of Vojvodina<\/p>\n<h3 style=\"text-align: left;\"><strong>Knife and Salve<\/strong><strong>\u00a0<\/strong><\/h3>\n<p style=\"text-align: left;\"><strong>Play \/ 01. 07. 2022 \/ Youth Theatre<\/strong><br \/>\nOrganiser: Artfrakcija<br \/>\nPartner: Youth Theatre<\/p>\n<h3 style=\"text-align: left;\"><strong>ReCapitulation<\/strong><\/h3>\n<p style=\"text-align: left;\"><strong>Exhibition, documentary, publication\u00a0\/ 02. 07. 2022 \/ Museum of Contemporary Art of Vojvodina<\/strong><br \/>\nOrganiser: Multimedia Centre \u2018LED Art\u2019<br \/>\nPartner: Museum of Contemporary Art of Vojvodina<\/p>\n<h3 style=\"text-align: left;\"><strong>Crime Reconstruction: Phooey, salvation, for all of us! <\/strong><strong>\/<\/strong><\/h3>\n<h3 style=\"text-align: left;\"><strong>ReCapitulation<\/strong><\/h3>\n<p style=\"text-align: left;\"><strong>Performance \/ 03. 07. 2022 \/ Liberty Square<\/strong><br \/>\nOrganiser: Multimedia Centre \u2018LED Art\u2019<\/p>\n<h3 style=\"text-align: left;\"><strong>Media Labyrinth<\/strong><\/h3>\n<p style=\"text-align: left;\"><strong>Exhibition \/ 03. 07. 2022 \/ Liberty Square<\/strong><br \/>\nOrganiser: Novi Sad School of Journalism<br \/>\nPartners:\u00a0ASA-FF Organization, Chemnitz 2025: European Capital of Culture (Germany); Faculty of Philosophy at the University of \u017dilina (Slovakia); Beyond Barriers Association Albania (Tirana, Albania); Media Centre Sarajevo (Bosnia and Herzegovina); Youth Initiative for Human Rights in\u00a0Pri\u0161tina; Institute for Media (Montenegro); Novi Sad\u00a0\u2013\u00a0European Capital of Culture Foundation<\/p>\n<h3 style=\"text-align: left;\"><strong>Mephisto<\/strong><\/h3>\n<p style=\"text-align: left;\"><strong>Play \/ 03. 07. 2022 \/ Serbian National Theatre<\/strong><br \/>\nPartner: East West Centre (Sarajevo,\u00a0Bosnia and Herzegovina)<\/p>\n<h3 style=\"text-align: left;\"><strong>Bridge<\/strong><\/h3>\n<p style=\"text-align: left;\"><strong>Training, conference, workshops, concerts \/ 07 \u2013 10. 07. 2022 \/ Petrovaradin\u00a0Fortres<\/strong><br \/>\nOrganiser: Exit Foundation<br \/>\nPartners:\u00a0<em>Hangveto\u00a0Zenei\u00a0Terjeszto\u00a0Tarsulas\u00a0Kft<\/em>,\u00a0<em>Asociatia\u00a0Timisoara\u00a0Capitala\u00a0Europeana<\/em>,\u00a0European Music Council,\u00a0Bulgarian Music Association,\u00a0MA Music,\u00a0Leisure and Travel Ltd,<em>\u00a0<\/em><em>Polais\u00a0des beaux arts<\/em><em>,<\/em>\u00a0Piranha arts ag, Remont Kapital Culture Center<\/p>\n<h3 style=\"text-align: left;\"><strong>Parallels<\/strong><\/h3>\n<p style=\"text-align: left;\"><strong>Exhibition \/ 08. 07. 2022 \/ Gallery of Matica Srpska<\/strong><br \/>\nOrganiser: Gallery of Matica Srpska<br \/>\nPartners:\u00a0Timi\u0219oara\u00a0National Art Museum, the Serbian Orthodox Eparchy in\u00a0Timi\u0219oara\u2019s Treasury in the Eparchy Court<\/p>\n<h3 style=\"text-align: left;\"><strong>Biobridge\u00a0(Biomost)<\/strong><strong> \/\u00a0<\/strong><strong>ReCapitulation<\/strong><\/h3>\n<p style=\"text-align: left;\"><strong>Performance \/ 09. 07. 2022 \/ Beginning of the Varadin Bridge on the Novi Sad side\u00a0<\/strong><br \/>\nOrganiser: Multimedia Centre \u2018LED Art\u2019<\/p>\n<h3 style=\"text-align: left;\"><strong>Grafi\u010dka zadruga \u2013 Novi mostovi \/\u00a0<\/strong><strong>ReCapitulation<\/strong><\/h3>\n<p style=\"text-align: left;\"><strong>Performance \/ 09. 07. 2022 \/ Beginning of the Varadin Bridge on the Novi Sad side\u00a0<\/strong><br \/>\nOrganiser: Multimedia Centre \u2018LED Art\u2019<\/p>\n<h3 style=\"text-align: left;\"><strong>A Neolithic\u2019s Night Dream<\/strong><\/h3>\n<p style=\"text-align: left;\"><strong>Exhibition \/ 15. 07. 2022 \/ Museum of Vojvodina\u00a0<\/strong><br \/>\nOrganiser: Museum of Vojvodina<br \/>\nPartner: National Museum in Belgrade<\/p>\n<h3 style=\"text-align: left;\"><strong>Beyond ZERO \/ NEO Festival<\/strong><\/h3>\n<p style=\"text-align: left;\"><strong>Concert \/ 15. 07. 2022 \/ Synagogue<\/strong><\/p>\n<h3 style=\"text-align: left;\"><strong>7th\u00a0Youth Leader Forum<\/strong><\/h3>\n<p style=\"text-align: left;\"><strong>Conference \/ 15 \u2013 16. 07. 2022 \/ Novi Sad and Sremski\u00a0Karlovci\u00a0<\/strong><br \/>\nOrganiser: European movement in Novi Sad<\/p>\n<h3 style=\"text-align: left;\">Overture for Peace \u2013 Philharmonic Orchestra <em>For New Bridges<\/em><\/h3>\n<p style=\"text-align: left;\"><strong>Concert \/ 16. 07. 2022 \/ Sremski\u00a0Karlovci<\/strong><br \/>\nOrganiser: Academy of Arts of the University of Novi Sad<br \/>\nPartners: NEO festival, Giuseppe Tartini State Conservatory of Trieste; Liszt Ference Academy of Music, Budapest; University of Music and Performing Arts Graz; Music Academy at the University of Sarajevo (Bosnia and Herzegovina); Academy of Music and the University of Zagreb (Croatia)<\/p>\n<h3 style=\"text-align: left;\"><strong>Three pianos<\/strong><\/h3>\n<p style=\"text-align: left;\"><strong>Concert \/ 17. 07. 2022 \/ Sremski\u00a0Karlovci\u00a0<\/strong><br \/>\nOrganiser: Music Youth of Novi Sad<\/p>\n<h3 style=\"text-align: left;\"><strong>Liberta \u2013 Birth of a City <\/strong><\/h3>\n<p style=\"text-align: left;\"><strong>Film premiere \/ 17. 07. 2022 \/ Petrovaradin\u00a0Fortress<\/strong><br \/>\nOrganiser: Corso 2021<br \/>\nPartner: Kopernikus\u00a0and \u2018Novi Sad \u2013 European Capital of Culture\u2019 Foundation<\/p>\n<h1><a href=\"https:\/\/novisad2022.rs\/en\/danube-sea\/\"><img loading=\"lazy\" decoding=\"async\" src=\"https:\/\/novisad2022.rs\/wp-content\/uploads\/2021\/10\/logotipi-lukova-za-sajt-06.png\" alt=\"\" width=\"500\" height=\"263\" \/><\/a><\/h1>\n<h1 style=\"text-align: left;\"><strong>22 JULY \u2013 21 AUG 2022<\/strong><\/h1>\n<h3 style=\"text-align: left;\"><strong>Artistic Dialogues\u00a0<\/strong><\/h3>\n<p style=\"text-align: left;\"><strong>Exhibition, discussion \/ 11. 07 \u2013 07. 08. 2022 \/ The Gallery of Fine Arts \u2013 Gift Collection of Rajko Mamuzi\u0107, Museum of Contemporary Art of Vojvodina<\/strong><br \/>\nOrganiser: \u2018Bel Art\u2019 Gallery<br \/>\nPartners: TRIADE Foundation JECZA Gallery (Timi\u0219oara, Romania), ART ENCOUNTERS Foundation<\/p>\n<h3 style=\"text-align: left;\"><strong>Youth Camp (Good for Life)<\/strong><\/h3>\n<p style=\"text-align: left;\"><strong>Activism \/ 17 \u2013 31. 07. 2022 \/ Be\u0107arac\u00a0and\u00a0\u0160trand\u00a0\u00a0<\/strong><br \/>\nOrganiser: Novi Sad\u2019s Engineers Protecting the Environment Association<\/p>\n<h3><strong>Singing Bridges<\/strong><\/h3>\n<p><strong>Choral Festival \/ 19 \u2013 23. 07. 2022<\/strong><br \/>\nProject leader: Serbian Choral Association<\/p>\n<h3 style=\"text-align: left;\"><strong>Euro in film 2022: Let\u2019s Save the Planet<\/strong><\/h3>\n<p><strong>Film festival \/ 20 \u2013 22. 07. 2022 \/ \u0160trand<\/strong><br \/>\nOrganiser: Cultural Centre of Novi Sad<\/p>\n<h3 style=\"text-align: left;\"><strong>Jazz on the Danube (European Jazz Orchestra Twins)<\/strong><\/h3>\n<p style=\"text-align: left;\"><strong>Concert \/ 22 \u2013 27. 07. 2022 \/ \u0160trand<\/strong><br \/>\nOrganiser: Cultural Centre of Novi Sad<\/p>\n<h3 style=\"text-align: left;\"><strong>Ekotisak (Eco-Print)<\/strong><\/h3>\n<p style=\"text-align: left;\"><strong>Exhibition \/ 22. 07 \u2013 07. 08. 2022 \/ \u0160trand,\u00a0Oficirac,\u00a0Be\u0107arac,\u00a0\u0160ordo\u0161, University of Novi Sad Campus<\/strong><br \/>\nOrganiser: Centre for Promotion of Science<br \/>\nPartners: Academy of Arts of the University of Novi Sad, Zeleni Sad, Faculty of Philosophy of the University of Novi Sad,\u00a0 French Institute in Serbia, Austrian Cultural Forum, Cervantes Institute<\/p>\n<h3 style=\"text-align: left;\"><strong>It Must Be Balanced\u00a0<\/strong><\/h3>\n<p style=\"text-align: left;\"><strong>Exhibition\u00a0\/\u00a022. 07 \u2013 07. 08. 2022\u00a0\/\u00a0Be\u0107arac\u00a0<\/strong><br \/>\nOrganiser: Novo kulturno naselje<br \/>\nPartner: Moradavaga Collective (Portugal, Spain), Austrian Cultural Forum<\/p>\n<h3 style=\"text-align: left;\"><strong>A Cooperation Project with Galway 2020<\/strong><strong>\u00a0<\/strong><\/h3>\n<p style=\"text-align: left;\"><strong>Performance\/ 22. 07 \u2013 07. 08. 2022 \/ \u0160trand<\/strong><\/p>\n<h3 style=\"text-align: left;\"><strong>The Danube Transformation Agency<\/strong><\/h3>\n<p style=\"text-align: left;\"><strong>Multidisciplinary event \/ 22.\u00a0 7 \u2013\u00a0 7.\u00a0 8. 2022 \/ \u0160trand and\u00a0Kara\u010donji\u00a0Castle\u00a0<\/strong><\/p>\n<h3 style=\"text-align: left;\"><strong>Biofactory<\/strong><\/h3>\n<p style=\"text-align: left;\"><strong>Exhibition \/ 22. 07 \u2013 07. 08. 2022 \/ Svilara\u00a0Cultural Station, \u2018Bogdan \u0160uput\u2019 School of Design and Shock Cooperative Gallery\u00a0\u00a0<\/strong><br \/>\nOrganiser: Association of Citizens \u2018Reaktor\u2019<br \/>\nPartners: \u2018Bogdan \u0160uput\u2019 School of Design, Multimedia Centre \u2018LED Art\u2019<\/p>\n<h3 style=\"text-align: left;\"><strong><em>Les Voyages<\/em> (Imagine Europe) <\/strong><\/h3>\n<p style=\"text-align: left;\"><strong>Circus \/ 22 and 23. 07. 2022\u00a0<\/strong><br \/>\nPartner: French Institute in Serbia<\/p>\n<h3 style=\"text-align: left;\"><strong>Green Cinema<\/strong><strong>\u00a0<\/strong><\/h3>\n<p style=\"text-align: left;\"><strong>Film \/ 23. 07 \u2013 06. 08. 2022 \/ \u0160trand\u00a0\u00a0<\/strong><br \/>\nOrganiser: \u2018Film Festival Free Zone\u2019 Association<\/p>\n<h3 style=\"text-align: left;\"><strong>Morten Jensen V\u00e5gen<\/strong><\/h3>\n<p style=\"text-align: left;\"><strong>Exhibition \/ 29. 07. 2022 \/ \u0160trand<\/strong><\/p>\n<h3 style=\"text-align: left;\"><strong>The Danube Sea and Activism on the Screen<\/strong><\/h3>\n<p style=\"text-align: left;\"><strong>Film \/ 29. 07. 2022 \/ Egys\u00e9g\u00a0Cultural Station<\/strong><br \/>\nOrganiser: Association for video art \u2018Videomedeja\u2019<\/p>\n<h3 style=\"text-align: left;\"><strong>Service Area for Cyclists<\/strong><\/h3>\n<p style=\"text-align: left;\"><strong>Exhibition \/ 1. 07 \u2013 08. 08. 2022 \/ Bano\u0161tor <\/strong><br \/>\nOrganiser: \u2018Arka\u2019 Association of Citizens\u00a0\u201d<\/p>\n<h3 style=\"text-align: left;\"><strong>New Energy <\/strong><\/h3>\n<p style=\"text-align: left;\"><strong>Concert \/ 06. 08. 2022 \/ \u0160trand <\/strong><br \/>\nOrganiser: No Borders Orchestra<\/p>\n<h3 style=\"text-align: left;\"><strong>Art on the Stream\u00a0(Podunavci) <\/strong><\/h3>\n<p style=\"text-align: left;\"><strong>Exhibition \/ 08 \u2013 21. 08. 2022 \/ The Gallery of Fine Arts \u2013 Gift Collection of Rajko Mamuzi\u0107<\/strong><br \/>\nPartner: City of Ulm, State of Baden-W\u00fcrttemberg (Germany)<\/p>\n<h3 style=\"text-align: left;\"><strong>Stories of\u00a0Danubian\u00a0Women (Podunavci)<\/strong><strong>\u00a0<\/strong><\/h3>\n<p style=\"text-align: left;\"><strong>Exhibition \/ 08 \u2013 21. 08. 2022 \/ Kralja\u00a0Aleksandra Street\u00a0<\/strong><br \/>\nPartner: Danube Connects (Ulm, Germany)<\/p>\n<h3 style=\"text-align: left;\"><strong>Tin Can Theatre Fest<\/strong><strong>\u00a0<\/strong><\/h3>\n<p style=\"text-align: left;\"><strong>Theatre festival \/ 23 \u2013 29. 07. 2022 \/ \u0160trand\u00a0and other public spaces<\/strong><br \/>\nOrganiser: Children\u2019s Theatre \u2018\u010carapa\u2019<br \/>\nPartner: ReCan Foundation<\/p>\n<h3 style=\"text-align: left;\"><strong>Our Danube<\/strong><strong>\u00a0<\/strong><\/h3>\n<p style=\"text-align: left;\"><strong>Applied arts, workshops for children \/ Cultural Centre of Novi Sad\u00a0<\/strong><br \/>\nOrganiser: Cultural Centre of Novi Sad<\/p>\n<h3 style=\"text-align: left;\"><strong>The Youth Danube Big Band <\/strong><\/h3>\n<p style=\"text-align: left;\"><strong>Concert \/ Plaza in front of \u2018ITD\u2019 Gallery,\u00a0Petrovaradin\u00a0Fortress,\u00a0Svilara\u00a0Cultural Station\u00a0<\/strong><br \/>\nOrganiser: Cultural Centre of Novi Sad<br \/>\nPartner: Glen Buschmann Jazz Academy, Dortmund (Germany)<\/p>\n<h3><strong>Slama Fest \/ Straw Fest <\/strong><strong>(<\/strong><strong>Second Chance)<\/strong><\/h3>\n<p style=\"text-align: left;\"><strong>Exhibition \/ 07 \u2013 22. 08. 2022.<\/strong><br \/>\nPartner: \u00a0\u2018Slama fest\u2019 Association (Osijek)<\/p>\n<h3 style=\"text-align: left;\"><strong>Food Talks <\/strong><\/h3>\n<p style=\"text-align: left;\"><strong>Gastronomy \/ 12 \u2013 15. 08. 2022 \/ Cultural stations<\/strong><br \/>\nOrganiser: HBO Color Media Events (Novi Sad)<\/p>\n<h3><strong>Karlovci Film Fest<\/strong><\/h3>\n<p><strong>Film Festival \/ Sremski Karlovci<\/strong><br \/>\nOrganiser: MDM production<\/p>\n<h3 style=\"text-align: left;\"><strong>Open Village <\/strong><\/h3>\n<p style=\"text-align: left;\"><strong>Exhibition \/ 10 \u2013 12. 08. 2022 \/ Hopovo<\/strong><br \/>\nOrganiser: \u2018Eustahija\u2019 Association of Citizens<br \/>\nPartners:\u00a0Stichting\u00a0Bewegend\u00a0Beeld (Rotterdam, the Netherlands), The House of Activity and Creativity,\u00a0Publicuiimtumo\u00a0stuba\u00a0(Zapy\u0161kis, Lithuania), \u2018Praputnjak\u00a0\u2013\u00a0kulturni\u00a0krajolik\u2019 Association (Praputnjak, Croatia)<\/p>\n<h3 style=\"text-align: left;\"><strong>Songs of the Danube Sea<\/strong><\/h3>\n<p style=\"text-align: left;\"><strong>Concert \/ 20. 08. 2022 \/ Egys\u00e9g\u00a0Cultural Station<\/strong><br \/>\nOrganiser: Laureat d.o.o.<\/p>\n<h3 style=\"text-align: left;\"><strong>The Flower of Diversity<\/strong><strong>\u00a0<\/strong><\/h3>\n<p style=\"text-align: left;\"><strong>Concert <\/strong><br \/>\nOrganiser: Institute for Culture of Vojvodina\u2019s\u00a0 Romanians<br \/>\nPartners:\u00a0ZZKV\u2019s Ruthenians, ZZKV\u2019s\u00a0Hungarians, ZZKV\u2019s Slovaks, ZZKV\u2019s Croats<\/p>\n<h3><strong>Danube Culture Festival<\/strong><\/h3>\n<p><strong>Concerts \/ 13. 08. 2022 \/ Sremski Karlovci<\/strong><br \/>\nOrganiser: Centre for international cooperation, culture and education \u2018Iza ugla\u2019<\/p>\n<h3 style=\"text-align: left;\"><strong>Outside the Centre<\/strong><\/h3>\n<p style=\"text-align: left;\"><strong>Exhibition \/ 8, 11, 15, 18 and 20. 08. 2022 \/ Karlova\u010dka Grammar School, Mihiz\u2019s \u00a0house, Kara\u010donji Castle, Zavi\u010dajni\u00a0muzej\u00a0\u010cerevi\u0107,\u00a0 Gradina\u00a0Novi\u00a0Rakovac, Church of St. Rudolph (Bano\u0161tor)\u00a0<\/strong><br \/>\nOrganiser: \u2018Bel Art\u2019 Gallery<br \/>\nPartners: Institute for Art and Innovation (Berlin, Germany), Austrian Cultural Forum, Kranj\u010dar Gallery (Zagreb, Croatia)<\/p>\n<h3 style=\"text-align: left;\"><strong>On the Lovely Blue Danube<\/strong><\/h3>\n<p style=\"text-align: left;\"><strong>Concerts \/ 07 \u2013 21. 08. 2022 \/ Locations across the Danube<\/strong><br \/>\nOrganiser: \u2018\u017divot\u00a0kao\u00a0Inspiracija\u2019 Civic Association<br \/>\nPartners: Isidor Baji\u0107 School of Music,\u00a0Porodica\u00a0Avantura\u00a0Association<\/p>\n<h3 style=\"text-align: left;\"><strong>Circles of the Circle<\/strong><\/h3>\n<p style=\"text-align: left;\"><strong>Exhibition \/ 15 \u2013 28. 08. 2022 \/ Studio\u00a0on the Fortress<\/strong><br \/>\nOrganiser: \u2018Likovni\u00a0krug\u2019 Association<\/p>\n<h3 style=\"text-align: left;\"><strong>The River \u2013 A Different Danube Anthology <\/strong><strong>(<\/strong><strong>Guest Readings<\/strong><strong>)<\/strong><\/h3>\n<p style=\"text-align: left;\"><strong>Literature \/ 19 and 20.08.2022 \/\u00a0Svilara\u00a0Cultural Station<\/strong><br \/>\nOrganiser: Futura publications<br \/>\nPartner:<em> Begegnungen an der Donau. Menschen \u2013 Filme \u2013 Literaturen <\/em><\/p>\n<h3 style=\"text-align: left;\"><strong>Cultural Scrapbook<\/strong><strong>\u00a0<\/strong><\/h3>\n<p style=\"text-align: left;\"><strong>Children\u2019s workshop \/ Centre for children and youth \u2018Mala\u00a0sre\u0107na\u00a0kolonija\u2019\u00a0<\/strong><br \/>\nOrganiser: Centre for children and youth \u2018Mala\u00a0sre\u0107na\u00a0kolonija\u2019<\/p>\n<h3 style=\"text-align: left;\"><strong>A concert by\u00a0Silard\u00a0Mezei (Creative Embassies and Ambassadors)<\/strong><\/h3>\n<p style=\"text-align: left;\"><strong>Concert \/ 19. 08. 2022. <\/strong><\/p>\n<h3 style=\"text-align: left;\"><strong>Tamburitza Philharmonic (European Cultural Bridge)<\/strong><\/h3>\n<p style=\"text-align: left;\"><strong>Concert \/ 21. 08. 2022 \/ Liberty Square<\/strong><br \/>\nOrganiser: World Tamburitza Association<\/p>\n<p style=\"text-align: left;\"><a href=\"https:\/\/novisad2022.rs\/en\/kaleidoscope-of-culture\/\"><img loading=\"lazy\" decoding=\"async\" src=\"https:\/\/novisad2022.rs\/wp-content\/uploads\/2021\/10\/logotipi-lukova-za-sajt-07.png\" alt=\"\" width=\"500\" height=\"263\" \/><\/a><\/p>\n<h1 style=\"text-align: left;\"><strong>1 SEP \u2013 7 \u041eC\u0422 2022<\/strong><\/h1>\n<h3 style=\"text-align: left;\"><strong>Carmen<\/strong><\/h3>\n<p><strong>Opera \/ 04. 09. 2022 \/ Great Liman<\/strong><br \/>\nOrganiser: Serbian National Theatre<\/p>\n<h3 style=\"text-align: left;\"><strong>Rally \u2013 Alternative History of Europe\u00a0<\/strong><\/h3>\n<p style=\"text-align: left;\">Organiser: Youth Theatre<br \/>\nPartners:\u00a0Viva Dance Academy,\u00a0Odin\u00a0Teatret\u00a0(Holsterbro,\u00a0Danska),\u00a0ZID Theatre\u00a0(Amsterdam,\u00a0Holandija),\u00a0Fundus Theater\u00a0(Hamburg,\u00a0Nema\u010dka),\u00a0A\u00a0Oficina\u00a0(Portugalija)<\/p>\n<h3 style=\"text-align: left;\"><strong>Tanz Platz <\/strong><\/h3>\n<p><strong>Festival of contemporary dance \/ 01 \u2013 04.09.2022 \/ Creative District, SCCNS Fabrika (Fabrika, entrance no. 1)<\/strong><br \/>\nOrganiser: Student Cultural Centre of Novi Sad<br \/>\nPartner: Dance platform Aerowaves<\/p>\n<h3 style=\"text-align: left;\"><strong>Time Capsule <\/strong><\/h3>\n<p style=\"text-align: left;\"><strong>Workshops \/ 01 \u2013 04. 09. 2022 \/ Egys\u00e9g\u00a0Cultural Station,\u00a0Svilara Cultural Station, \u2018Laza Kosti\u0107\u2019 Grammar School<\/strong><br \/>\nOrganiser: New Entertainment Association<br \/>\nPartner: Viva Dance Academy \u2013 Contemporary Art Production Centre<\/p>\n<h3 style=\"text-align: left;\"><em><strong>QUO VADIS MUNDI? <\/strong><\/em><\/h3>\n<p style=\"text-align: left;\"><strong>Exhibition \/ 01. 09 &#8211; 07. 10. 2022 \/ Suba\u2019s Plateau in Liman Park<\/strong><br \/>\nOrganiser: \u2018Bel Art\u2019 Gallery<br \/>\nPartner: City Administration for Construction Land and Investments<\/p>\n<h3 style=\"text-align: left;\"><strong>ReCAPITULATION\u00a0\u2013 Art on Sale\u00a0<\/strong><\/h3>\n<p><strong>Exhibition \/ 01 \u2013 04. 09. 2022 \/ Creative District, Shock Cooperative Gallery\u00a0<\/strong><br \/>\nOrganiser: Multimedia\u00a0centre\u00a0LEDART<\/p>\n<h3 style=\"text-align: left;\"><strong>Autocorrect<\/strong><\/h3>\n<p><strong>Exhibition \/ 01 \u2013 04. 09. 2022 \/ Creative District\u00a0<\/strong><br \/>\nOrganiser: \u2018Karkatag\u2019 Association<\/p>\n<h3 style=\"text-align: left;\"><strong>The Kiosk of Memories<\/strong><\/h3>\n<p><strong>Play \/ 03. 09. 2022 \/ Creative District\u00a0<\/strong><br \/>\nOrganiser: Robin K.U.D.<\/p>\n<h3 style=\"text-align: left;\"><strong>World Biennial of Student Photography \u2013 Best off 2022<\/strong><\/h3>\n<p><strong>Exhibition, workshops \/ 02 \u2013 09.09.2022\u00a0<\/strong><br \/>\nOrganiser: Academy of Arts in Novi Sad<\/p>\n<h3 style=\"text-align: left;\"><strong>The Dark Room<\/strong><\/h3>\n<p style=\"text-align: left;\"><strong>Multimedia art \/ 02 \u2013 09. 09. 2022 \/ Creative District<\/strong><br \/>\nPartner: \u2018Studentski grad\u2019 Cultural Centre (Belgrade)<\/p>\n<h3 style=\"text-align: left;\"><strong>Days of Utopia<\/strong><\/h3>\n<p><strong>Multimedia art \/ 02 \u2013 03. 09. 2022 \/ Creative District, Petrovaradin\u00a0Fortress\u00a0\u2013\u00a0Tunel\u00a0Club<\/strong><br \/>\nOrganiser: CMOK Association of Citizens<br \/>\nPartner: Association of citizens \u2018Glas Omladine &#8211; GO RADIO\u2019<\/p>\n<h3 style=\"text-align: left;\"><strong>Dragons fuel <\/strong><\/h3>\n<p><strong>Concert \/ 02.09.2022 \/ Creative District<\/strong><br \/>\nOrganiser: \u2018Horz\u2019 Association of Citizens<\/p>\n<h3 style=\"text-align: left;\"><strong>The 3rd Film Festival \u2018Obnova\u2019<\/strong><strong>\u00a0<\/strong><\/h3>\n<p><strong>Festival \/ 01 \u2013 04. 09. 2022 \/ Great Liman<\/strong><br \/>\nOrganiser: Filmium Association<\/p>\n<h3 style=\"text-align: left;\"><strong>Biennial of\u00a0Stage Design\u00a02022<br \/>\n<\/strong><\/h3>\n<p><strong>Exhibition\u00a0\/\u00a006. 09 \u2013 09. 09. 2022\u00a0\/\u00a0Student Campus in Novi Sad, Faculty of Technical Sciences\u00a0of the University of Novi Sad, Rectorate\u00a0of the University of Novi Sad, Creative District\u00a0<\/strong><br \/>\nOrganiser: Faculty of Technical Sciences, University of Novi Sad<br \/>\nPartners: University of Rijeka (Croatia); Association for Contemporary Art and Culture \u2013 Faculty of Things that Can\u2019t Be Learned (Bitola, Macedonia)<\/p>\n<h3 style=\"text-align: left;\"><strong>Korzo<\/strong><\/h3>\n<p><strong>Concert\u00a0\/\u00a010. 09. 2022\u00a0\/\u00a0Mihajlo Pupin Boulevard\u00a0<\/strong><br \/>\nOrganiser: \u2018Novi Sad \u2013 European Capital of Culture\u2019 Foundation<\/p>\n<h3 style=\"text-align: left;\"><strong>Chamber Music Festival <\/strong><\/h3>\n<p><strong>Concerts \/ 10 \u2013 12. 09. 2022 \/ Serbian Reading Room, Irig,\u00a0Karlovci\u00a0Grammar School, Liman Cultural Station\u00a0<\/strong><br \/>\nOrganiser: Novi Sad Wind Quintet<br \/>\nPartners: Karlovci\u00a0Grammar School, Serbian Reading Room Irig, Liman Cultural Station<\/p>\n<h3 style=\"text-align: left;\"><strong>The Pearls of Serbian Solo Songs<\/strong><strong>\u00a0<\/strong><\/h3>\n<p><strong>Opera \/12. 09. 2022 \/ Synagogue<\/strong><br \/>\nOrganiser: Kraljica\u00a0Marija Choir<\/p>\n<h3><strong>Yukio Mishima: Birth of Christ<\/strong><\/h3>\n<p><strong>12. 09. 2022<\/strong><br \/>\nOrganiser: \u00dajvid\u00e9ki\u00a0Sz\u00ednh\u00e1z\/Novi Sad Theatre<br \/>\nPartners: Serbian National Theatre, Youth Theatre in\u00a0Novi Sad<\/p>\n<h3 style=\"text-align: left;\"><strong>Jukebox Poetry Per Kilogram<\/strong><\/h3>\n<p><strong>Literature \/ 19 \u2013 23. 09. 2022 \/ Markets in Novi Sad and Zone 021<\/strong><br \/>\nOrganiser: \u2018\u0160miranti\u2019 Association of Citizens<br \/>\nPartner: PUE \u2018Tr\u017enica<\/p>\n<h3 style=\"text-align: left;\"><strong>Bohemian Nights of Novi Sad<\/strong><\/h3>\n<p><strong>Performance \/ 14. 09. 2022 \/ Different locations in the city centre<br \/>\n<\/strong>Organiser: Zeleni front<br \/>\nPartners: BAG Theatre (Boljevac), Union of Student Organizations at the University of Novi Sad, <em>Divadeln\u00e9 \u0161v\u00e1b<\/em><\/p>\n<h3 style=\"text-align: left;\"><strong>The 2022\u00a0Gitarijada\u00a0of Vojvodina<\/strong><\/h3>\n<p><strong>Concerts \/ 15 \u2013 16. 09. 2022 \/ Tatra Football Club Stadion (Kisa\u010d)<\/strong><br \/>\nOrganiser: Centre for Preservation of Tradition, Advancing a Multicultural Society and Women\u2019s Creativity \u2018Integra 21\u2019<\/p>\n<h3 style=\"text-align: left;\"><strong>Quantum Music and Beyond\u00a0\u2013 Multimedia Concert of LP DUO\u00a0<\/strong><\/h3>\n<p><strong>Concert\u00a0\/\u00a016. 09. 2022\u00a0\/ Great Liman<\/strong><br \/>\nOrganiser: Institute of Musicology SASA, Belgrade<br \/>\nPartner: DUALITY<\/p>\n<h3 style=\"text-align: left;\"><strong>Literature Night<\/strong><\/h3>\n<p><strong>Literature \/ 17. 09. 2022 \/ Suburbium<\/strong><br \/>\nOrganiser: \u2018Novi Sad \u2013 European Capital of Culture\u2019 Foundation<br \/>\nPartners: French Institute in Serbia, EUNIC Cluster<\/p>\n<h3><strong>Literature Machine<\/strong><\/h3>\n<p><strong>Literature \/ 18, 19, 20, 22 and 23. 09. 2022 \/ Suburbium<\/strong><br \/>\nOrganiser: \u2018Mra\u010dna\u00a0Komora\u2019\u00a0Association<br \/>\nPartner: Beletrina Academic Press<\/p>\n<h3 style=\"text-align: left;\"><strong>Prosefest\u00a0\u2013 An International Festival of Prose<\/strong><\/h3>\n<p><strong>Literature \/ 19 \u2013 23. 09. 2022 \/ Cultural Centre of Novi Sad, Grammar schools in Novi Sad<\/strong><br \/>\nOrganiser: Cultural Centre of Novi Sad<br \/>\nPartners: Grammar Schools \u2018Laza Kosti\u0107\u2019, \u2018Isidora Sekuli\u0107\u2019, \u2018Svetozar Markovi\u0107, \u2018Jovan Jovanovi\u0107 Zmaj\u2019<\/p>\n<h3 style=\"text-align: left;\"><strong>City Line<\/strong><\/h3>\n<p><strong>Exhibition, concert \/ 17 \u2013 23. 09. 2022 \/ Bulevar\u00a0Books\u00a0<\/strong><br \/>\nOrganiser: Bulevar books<br \/>\nPartners: Publishing centre \u2018Bulevar\u2019, Agency IN VIVO NS<\/p>\n<h3><strong>English translation and publication of the novel \u2018No\u0107na projekcija\u2019 by Oto Horvat<\/strong><\/h3>\n<p><strong>19. 09. 2022<\/strong><br \/>\nOrganiser: \u2018Akademska knjiga\u2019 publishing house<\/p>\n<h3><strong>Novi Sad \u2013 Capital of Poetry<\/strong><\/h3>\n<p><strong>19. 09. 2022<\/strong><br \/>\nOrganiser: Association of Writers of Novi Sad<\/p>\n<h3><strong>Novi Sad \u2013 Heaven on Earth<\/strong><\/h3>\n<p><strong>20. 09. 2022.<\/strong><br \/>\nOrganiser: \u2018Agora\u2019 publishing house<\/p>\n<h3><strong>Breaviary About the Novo Naselje Streets<\/strong><\/h3>\n<p><strong>21. 09. 2022<\/strong><br \/>\nOrganiser: Novo kulturno naselje<\/p>\n<h3><strong>Miodrag Kajtez: Stalna postavka<\/strong><\/h3>\n<p><strong>21. 09. 2022<\/strong><br \/>\nOrganiser: \u2018Agora\u2019 publishing house<\/p>\n<h3><strong>Jovan Zivlak: The Lightning is Weak (selected poems)<\/strong><\/h3>\n<p><strong>23. 09.2022<\/strong><br \/>\nOrganiser: \u2018Adresa\u2019 publishing house<\/p>\n<h3><strong>Novi Sad Literary Guide<\/strong><\/h3>\n<p><strong>23. 09. 2022<\/strong><br \/>\nOrganiser: \u2018Bulevar\u2019 publishing centre<\/p>\n<h3><strong>New Story of Novi Sad<\/strong><\/h3>\n<p><strong>23. 09. 2022<\/strong><br \/>\nOrganiser: Association of Writers of Novi Sad<\/p>\n<h3><strong>Caesar\u2019s Spy<\/strong><\/h3>\n<p><strong>23. 09. 2022<\/strong><br \/>\nOrganiser: \u2018Bunker\u2019 Creative Workshop<\/p>\n<h3 style=\"text-align: left;\"><strong>Code Movements<\/strong><\/h3>\n<p><strong>Exhibition \/ 26 \u2013 29.09.2022 \/ SULUV Gallery and different locations across the city<\/strong><br \/>\nOrganiser: Association of Fine Artists of Vojvodina<br \/>\nPartner: Academy of Arts in Novi Sad<\/p>\n<h3 style=\"text-align: left;\"><strong>Sava \u0160umanovi\u0107 and European Realism Between Two World Wars Exhibition<\/strong><\/h3>\n<p><strong>Exhibition\u00a0\/\u00a024. 09 \u2013 04. 12. 2022\u00a0\/\u00a0Pavle\u00a0Beljanski\u00a0Memorial Collection,\u00a0Gallery of\u00a0Matica Srpska,\u00a0Gallery of Fine Arts, The Gallery of Fine Arts \u2013 Gift Collection of Rajko Mamuzi\u0107, Sava\u00a0\u0160umanovi\u0107\u00a0Painting Gallery in\u00a0\u0160id\u00a0<\/strong><br \/>\nOrganiser: Pavle\u00a0Beljanski\u00a0Memorial Collection<br \/>\nPartners: Gallery of Matica Srpska, \u2018Sava \u0160umanovi\u0107\u2019 Gallery from \u0160id, Gallery of Fine Arts Rajko Mamuzi\u0107 Gift Collection, French Institute in Serbia, Novi Sad; Academy of Arts in Novi Sad (department of fine arts), \u2018Milan Petrovi\u0107\u2019 Elementary and Secondary Boarding School, \u2018Mi\u0161olovka\u2019 Theatre<\/p>\n<h3 style=\"text-align: left;\"><strong>Bringing Parks and Music to Life<\/strong><strong>\u00a0<\/strong><\/h3>\n<p><strong>Concert \/ 24 \u2013 29. 09. 2022 \/ Gallery of Matica Srpska<\/strong><br \/>\nOrganiser: Music Youth of Novi Sad<\/p>\n<h3 style=\"text-align: left;\"><strong>The Exhibition of Works by Dragoljub\u00a0Ra\u0161a\u00a0Teodosijevi\u0107<\/strong><\/h3>\n<p><strong>Exhibition \/ 26 \u2013 29. 09. 2022 \/ Museum of Contemporary Art of Vojvodina<\/strong><br \/>\nOrganiser: Museum of Contemporary Art of Vojvodina<\/p>\n<h3 style=\"text-align: left;\"><strong>Metroplex 2022-2122 <\/strong><\/h3>\n<p style=\"text-align: left;\"><strong>Exhibition \/ 30. 09. 2022 \/ New Place<\/strong><br \/>\nOrganiser: Novo kulturno naselje<br \/>\nPartner: <em>SqueezePlay LLC<\/em><\/p>\n<h3 style=\"text-align: left;\"><strong>Design Week Novi Sad <\/strong><\/h3>\n<p><strong>Applied arts\u00a0\/ 30. 09\u00a0\u2013\u00a007. 10. 2022\u00a0\/ SPENS,\u00a0Svilara\u00a0Cultural Station,\u00a0Egys\u00e9g\u00a0Cultural Station, The Railway Station,\u00a0Promenada\u00a0Shopping Mall<\/strong><br \/>\nOrganiser: \u2018INK Fest\u2019\u00a0Association of Citizens<br \/>\nPartner: Centre for creative gatherings, Temerin<\/p>\n<h3 style=\"text-align: left;\"><strong>The Pearled Branch<\/strong><\/h3>\n<p><strong>Performance \/ 01 \u2013 02. 10. 2022 \/ Futog, Novi Sad<\/strong><br \/>\nOrganiser: \u2018Mladost\u2019 Institute for Culture and Education Cultural Centre in\u00a0Futog<\/p>\n<p style=\"text-align: left;\"><a href=\"https:\/\/novisad2022.rs\/en\/other-europe\/\"><img loading=\"lazy\" decoding=\"async\" src=\"https:\/\/novisad2022.rs\/wp-content\/uploads\/2021\/10\/logotipi-lukova-za-sajt-08.png\" alt=\"\" width=\"500\" height=\"263\" \/><\/a><\/p>\n<h1 style=\"text-align: left;\"><strong>8 OCT \u2013 27 NOV 2022<\/strong><\/h1>\n<h3 style=\"text-align: left;\"><strong>Evelyn Glennie<\/strong><\/h3>\n<p style=\"text-align: left;\"><strong>Concert \/ 09. 10. 2022 \/ Serbian National Theatre<\/strong><br \/>\nOrganiser: \u2018Novi Sad \u2013 European Capital of Culture\u2019 Foundation<\/p>\n<h3 style=\"text-align: left;\"><strong>Feeling Sound<\/strong><\/h3>\n<p style=\"text-align: left;\"><strong>Music workshop \/ 08. 10. 2022 \/ Svilara\u00a0Cultural Station<\/strong><strong>\u00a0<\/strong><br \/>\nOrganiser: \u2018Novi Sad \u2013 European Capital of Culture\u2019 Foundation<\/p>\n<h3 style=\"text-align: left;\"><strong>Art Brut <\/strong><\/h3>\n<p style=\"text-align: left;\"><strong>Exhibition\u00a0\/\u00a010. 10 \u2013 10. 11. 2022\u00a0\/\u00a0Archives of\u00a0Vojvodina,\u00a0Shock\u00a0Cooperative spaces,\u00a0Grafi\u010dka\u00a0Zadruga, LAB\u00a0Cultural Centre,\u00a0Svilara\u00a0Cultural Station\u00a0<\/strong><br \/>\nOrganiser: JAZAS Youth Association (Novi Sad)<br \/>\nPartners:\u00a0Art Brut Serbia Association, Kondas Centre\u00a0(Viljandi, Estonia),\u00a0\u2018Martijar\u0161ija\u2019 Cultural Centre\/\u2019Turbo Strip\u2019 Association\u00a0(Belgrade),\u00a0\u2018Led Art\u2019 Multimedia Centre\/ Gallery of \u2018Shock Cooperative\u2019, Archives of Vojvodina, LAB Cultural Centre, Mental Hub<\/p>\n<h3 style=\"text-align: left;\"><strong>Discovering Cultural Heritage With All the Senses\u00a0<\/strong><\/h3>\n<p><strong>Exhibition \/ 10. 10 \u2013 11. 11. 2022 \/ Student campus in Novi Sad\u00a0<\/strong><br \/>\nOrganiser: \u2018Milan Petrovi\u0107\u2019 \u0160OSO<br \/>\nPartners: Serbian Association of the Blind, Accessibility Team, University in Novi Sad, Academy of Arts in Novi Sad, Association of Students with Disabilities<\/p>\n<h3 style=\"text-align: left;\"><strong>Europe Beyond Access <\/strong><\/h3>\n<p style=\"text-align: left;\"><strong>Dance festival \/ 10 \u2013 16. 10. 2022\u00a0\/ Gallery of Matica Srpska<\/strong><strong>\u00a0<\/strong><br \/>\nOrganiser: \u2018Per.Art\u2019 Association (Novi Sad)<br \/>\nPartners:\u00a0British Council (Great Britain and Poland),\u00a0British Council (London, Great Britain),\u00a0Kampnagel\u00a0(Hamburg, Germany); Skanes\u00a0Dansteater\u00a0(Malm\u00f6, Sweden), Oriente Occidente (Rovereto, Italy); Onassis\u00a0Stegi (Athens, Greece), Holland Dance Festival (The Hague, The Netherlands)<\/p>\n<p><b>Children of Bread<\/b><br \/>\n<strong>Exhibition \/ 20. 10. 2022 \/ Egys\u00e9g Cultural Station<\/strong><br \/>\nOrganiser: Cultural Centre of Novi Sad<br \/>\nPartners:\u00a0\u2018Dr. Milorad Pavlovi\u0107\u2019\u00a0Children\u2019s Village, the City of Novi Sad\u2019s Centre for Social Work and the Centre for Family Housing and Adoption in Novi Sad<\/p>\n<h3 style=\"text-align: left;\"><strong>Europe According to\u00a0Feje\u0161<\/strong><strong>\u00a0<\/strong><\/h3>\n<p style=\"text-align: left;\"><strong>Exhibition \/ 11.10\u00a0\u2013\u00a011.11.2022 \/ Cultural Centre of Novi Sad\u00a0<\/strong><br \/>\nOrganiser: \u2018Struktura\u2019 Centre for Sustainable Urban Development<br \/>\nPartner: Museum of Na\u00efve and Marginal Art (Jagodina)<\/p>\n<h3 style=\"text-align: left;\"><strong>Vintage Theatre<\/strong><\/h3>\n<p style=\"text-align: left;\"><strong>Play \/ 11. 10. 2022 \/ Cultural Centre of Novi Sad\u00a0<\/strong><br \/>\nOrganiser: Seniori\u00a0Retiree Association<br \/>\nPartner: \u2018Mafin productions of audio-visual media\u2019 Association<\/p>\n<h3 style=\"text-align: left;\"><strong>20th\u00a0International Film Festival \u2018Seize the Film\u2019<\/strong><\/h3>\n<p style=\"text-align: left;\"><strong>Film festival \/ 12 \u2013 16. 10. 2022 \/ Cultural Centre of Novi Sad<\/strong><br \/>\nOrganiser: Parnas Creatively Affirmative Organization<br \/>\nPartner: Cultural Centre of Novi Sad<\/p>\n<h3 style=\"text-align: left;\"><strong>Life<\/strong><\/h3>\n<p style=\"text-align: left;\"><strong>Exhibition \/ 12. 10 \u2013 12. 11. 2022 \/ Cultural Centre of Novi Sad<\/strong><br \/>\nOrganiser: \u2018Snaga\u00a0porodice\u2019 Association<br \/>\nPartner: Gerontological Centre in Novi Sad, Red Cross of Novi Sad<\/p>\n<h3 style=\"text-align: left;\"><strong>Uro\u0161\u00a0Predi\u0107\u00a0For All<\/strong><\/h3>\n<p style=\"text-align: left;\"><strong>Exhibition \/ 14. 10 \u2013 14. 02. 2023 \/ Gallery of Matica Srpska<\/strong><br \/>\nOrganiser: Gallery of Matica Srpska<br \/>\nPartners:\u00a0Typhlological\u00a0Museum (Zagreb),\u00a0Kunsthistorisches\u00a0Museum (Vienna),\u00a0Vojvodina Association of the Blind, Society of Sign-Language Interpreters and Translators, Per. Art Association, \u0160OSO \u2018Milan Petrovi\u0107\u2019<\/p>\n<h3 style=\"text-align: left;\"><strong>Inclusive musical performance by the \u2018Dobri\u00a0ljudi\u2019 orchestra<\/strong><\/h3>\n<p style=\"text-align: left;\"><strong>Concert \/ 15.\u00a010.\u00a02022 \/\u00a0Svilara\u00a0Cultural Station<\/strong><br \/>\nOrganiser: \u0160OSO \u2018Milan Petrovi\u0107\u2019<br \/>\nPartner: United Way Foundation (Baj, Hungary)<\/p>\n<h3 style=\"text-align: left;\"><strong>Festival <em>Play Day <\/em><\/strong><\/h3>\n<p style=\"text-align: left;\"><strong>Festival \/ 16. 10. 2022 \/\u00a0Egys\u00e9g\u00a0Cultural Station<\/strong><br \/>\nOrganiser: \u2018Novi Sad \u2013 European Capital of Culture\u2019 Foundation<br \/>\nPartners:\u00a0\u2018Novi Sad European Youth Capital \u2013 OPENS\u2019, \u2018Ana and Vlade Divac\u2019 Foundation, \u2018Patrija\u2019 civic organization,\u00a0\u0160OSO \u2018Milan Petrovi\u0107\u2019<\/p>\n<h3 style=\"text-align: left;\"><strong>Serbian Underground Festival<\/strong><\/h3>\n<p style=\"text-align: left;\"><strong>Music festival \/ 21 \u2013 22. 10. 2022 \/ Creative District, SCCNS Fabrika (Fabrika, entrance no. 1)<\/strong><br \/>\nOrganiser: Student Cultural Centre of Novi Sad<\/p>\n<h3 style=\"text-align: left;\"><strong>From Neven to Batman<\/strong><\/h3>\n<p style=\"text-align: left;\"><strong>Comics exhibition \/ 21. 10 \u2013 21. 11. 2022 \/ Creative District<\/strong><br \/>\nOrganiser: \u2018Novi Sad \u2013 European Capital of Culture\u2019 Foundation<\/p>\n<h3 style=\"text-align: left;\"><strong>Ba\u0161 \u010celik <\/strong><\/h3>\n<p style=\"text-align: left;\"><strong>Children\u2019s opera\u00a0\/\u00a023 and 30. 10. 2022 \/ Creative District\u00a0<\/strong><br \/>\nOrganiser: Visoko\u00a0C Association<\/p>\n<h3 style=\"text-align: left;\"><strong>Everyday Heroes<\/strong><strong>\u00a0<\/strong><\/h3>\n<p style=\"text-align: left;\"><strong>Comics exhibition \/ 24. 10 \u2013 24. 12. 2022 \/ Creative District\u00a0\u00a0<\/strong><br \/>\nOrganiser: \u2018Atelje\u00a061\u2019\u00a0Institute for Tapestry Weaving<\/p>\n<h3 style=\"text-align: left;\"><strong>Novi Sad Comics Weekend\u00a0<\/strong><\/h3>\n<p style=\"text-align: left;\"><strong>Comics Festival\u00a0<\/strong><strong>\/ 28 and 29. 10. 2022 \/ Creative District, SCCNS Fabrika (Fabrika, entrance no. 1)<\/strong><br \/>\nOrganiser: Student Cultural Centre of Novi Sad<\/p>\n<h3 style=\"text-align: left;\"><strong>Comic Book Exhibition by Fafner\u00a0\u2013\u00a0Sa\u0161a Jovanovi\u0107<\/strong><\/h3>\n<p style=\"text-align: left;\"><strong>Exhibition \/ 25.10 \u2013\u00a019.11.2022 \/ \u00a0Museum of Contemporary Art of Vojvodina\u00a0<\/strong><br \/>\nOrganiser: Student Cultural Centre of Novi Sad<\/p>\n<h3 style=\"text-align: left;\"><strong>20th\u00a0FILM FRONT international short film festival\u00a0<\/strong><\/h3>\n<p style=\"text-align: left;\"><strong>Film Festival\u00a0\/ 27 \u2013 30. 10. 2022 \/ Creative District\u00a0<\/strong><br \/>\nOrganiser: Kino Club of Novi Sad<br \/>\nPartners: Film Centre of Serbia, Cultural Centre of Novi Sad, Novi Sad European Youth Capital, Young Frames Association, Academy of Arts in Novi Sad<\/p>\n<h3 style=\"text-align: left;\"><strong>Cat Claw <\/strong><\/h3>\n<p style=\"text-align: left;\"><strong>Play\u00a0\/ 22 and 29. 10. 2022 \/ Youth Theatre and Creative District (SCCNS Fabrika \/ Fabrika, entrance no. 1)<\/strong><br \/>\nOrganiser: Youth Theatre in\u00a0Novi Sad<\/p>\n<h3 style=\"text-align: left;\"><strong>Comics, Heritage and Contemporary Art\u00a0<\/strong><\/h3>\n<p style=\"text-align: left;\"><strong>Conference\u00a0\/ 29 \u2013 30. 10. 2022 \/ Creative District, Liman Cultural Station\u00a0<\/strong><br \/>\nOrganiser: \u2018Novi Sad \u2013 European Capital of Culture\u2019 Foundation<br \/>\nPartners: Led Art\u00a0Multimedia Centre,\u00a0Forum (Ljubljana, Slovenia), Next Comics (Linz, Austria),\u00a0Lustr\u00a0Festival (Prague, Czech Republic), Festival Nova (Pan\u010devo, Serbia), ZID Theater (Amsterdam,\u00a0The\u00a0Netherlands), Museum of Contemporary Art of Vojvodina<\/p>\n<h3 style=\"text-align: left;\"><strong>Ethno summit \u2018TraditionNew\u2019\u00a0(TradicijaNova)\u00a0<\/strong><\/h3>\n<p style=\"text-align: left;\"><strong>Dance Summit\u00a0\/ 31. 10 \u2013 07. 11. 2022 \/ Cultural Centre of Novi Sad\u00a0<\/strong><br \/>\nOrganiser: Serbian\u00a0Ensemble of folk dances and songs \u2018Kolo\u2019<\/p>\n<h3 style=\"text-align: left;\"><strong>Free Zone Compass<\/strong><\/h3>\n<p style=\"text-align: left;\"><strong>Film festival, debates \/ 05 \u2013 08. 11. 2022 \/ Cultural Centre of Novi Sad\u00a0\u00a0<\/strong><br \/>\nOrganiser: Free Zone Film Festival Association<br \/>\nPartner: Cultural Centre of Novi Sad<\/p>\n<h3 style=\"text-align: left;\"><strong>Japanese-Serbian Film Festival<\/strong><\/h3>\n<p style=\"text-align: left;\"><strong>Film Festival\u00a0 \/ 05 \u2013 10. 11. 2022 \/ Svilara\u00a0Cultural Station\u00a0<\/strong><br \/>\nOrganiser: CULTCRAVE Association for the Development of Art and Culture (Belgrade)<br \/>\nPartner: Japanese-Serbian Film Festival Japan Office (Tokyo, Japan)<\/p>\n<h3 style=\"text-align: left;\"><strong>My Voice Travels\u00a0<\/strong><\/h3>\n<p style=\"text-align: left;\"><strong>Musical\u00a0\/ 07 \u2013 13. 11. 2022 \/ Barka\u00a0Cultural Station,\u00a0Beo\u010din\u00a0Cultural Centre,\u00a0Mladost Cultural Centre,\u00a0Futog, Youth Theatre\u00a0<\/strong><br \/>\nOrganiser: Groove Association of Novi Sad<\/p>\n<h3 style=\"text-align: left;\"><strong>European Eyes on Japan<\/strong><\/h3>\n<p style=\"text-align: left;\"><strong>Exhibition \/ 08. 11 \u2013 08. 12. 2022 \/ Svilara\u00a0Cultural Station<\/strong><br \/>\nOrganiser: \u2018Novi Sad \u2013 European Capital of Culture\u2019 Foundation<br \/>\nPartner: EU \u2013 Japan Fest<\/p>\n<h3 style=\"text-align: left;\"><strong>World Music Festival Pocket Globe <\/strong><\/h3>\n<p style=\"text-align: left;\"><strong>Music Festival \/ 10 \u2013 12. 11. 2022 \/ Synagogue, Serbian National Theatre,\u00a0Svilara\u00a0Cultural Station\u00a0<\/strong><br \/>\nOrganiser: Ring\u00a0Ring\u00a0Association of Belgrade<br \/>\nPartner:\u00a0World Music Association of Serbia<\/p>\n<h3 style=\"text-align: left;\"><strong>Vox city <\/strong><\/h3>\n<p style=\"text-align: left;\"><strong>Theatre Festival\u00a0 \/ 11 \u2013 13. 11. 2022 \/ Mladost Cultural Centre,\u00a0Futog\u00a0<\/strong><br \/>\nOrganiser: \u2018Mladost\u2019 Youth Cultural Centre,\u00a0Futog<br \/>\nPartners: Brama Teatr (Goleniow, Poland), ZID Theater (Amsterdam, The Netherlands), ASA-FF\u00a0e.V.\u00a0(Chemnitz, Germany)<\/p>\n<h3 style=\"text-align: left;\"><strong>The \u0160angaj Monodrome<\/strong><\/h3>\n<p style=\"text-align: left;\"><strong>Multimedia Exhibition\u00a0 \/ 11. 11 \u2013 11. 12. 2022 \/ Serbian National Theatre<\/strong><br \/>\nOrganiser: Intercultural Theatre III\/40<br \/>\nPartner: Centre for Theatre Research, Novi Sad<\/p>\n<h3 style=\"text-align: left;\"><strong>Sinergy <\/strong><\/h3>\n<p style=\"text-align: left;\"><strong>Theatre Festival\u00a0\/ 12 \u2013 19. 11. 2022 \/ Novi Sad Theatre \u2013 <em>\u00dajvid\u00e9ki Sz\u00ednh\u00e1z<\/em><\/strong><br \/>\nOrganiser: Novi Sad Theatre \u2013 <em>\u00dajvid\u00e9ki Sz\u00ednh\u00e1z<\/em><br \/>\nPartners: Partners: Maxim Gorky Russian Theatre (Astana\/Nur-Sultan, Kazakhstan)\u202f, Jewish Theatre (Bucharest, Romania), German Theatre (Bolzano, Italy), Hungarian Theatre (T\u00e2rgu Mure\u0219, Romania), Turkish Theatre (Skopje, Northern Macedonia), Armenian Theatre (Istanbul, Turkey), Serbian Theatre (Budapest, Hungary), Roma project\u00a0Teatra\u202fam de\u202fRur\u202f(M\u00fclheim, Germany)<\/p>\n<h3 style=\"text-align: left;\"><strong>A Cultural Capital For All\u00a0<\/strong><\/h3>\n<p style=\"text-align: left;\"><strong>Play\u00a0\/ 13. 11. 2022 \/ Serbian National Theatre<\/strong><br \/>\nOrganiser: Centre for Theatre Research, Novi Sad<br \/>\nPartner:\u00a0Intercultural Theatre III\/40<\/p>\n<h3 style=\"text-align: left;\"><strong>Experimental Superstars <\/strong><\/h3>\n<p style=\"text-align: left;\"><strong>Film Festival\u00a0\/ 17 \u2013 19. 11. 2022 \/ Creative District<\/strong><br \/>\nOrganiser: \u2018Mafin\u00a0productions of audio-visual media\u2019 Association<\/p>\n<h3 style=\"text-align: left;\"><strong>Novi Sad Jazz Festival<\/strong><\/h3>\n<p style=\"text-align: left;\"><strong>Music Festival \/ 17 \u2013 19. 11. 2022 \/ Serbian National Theatre, Cultural Centre of Novi Sad<\/strong><br \/>\nOrganiser: Cultural Centre of Novi Sad<br \/>\nPartners: Esch 2022 \u2013 European Capital of Culture (Luxembourg), Centre\u00a0Culturel\u00a0\u041epderschmelz\u00a0(Dudelange, Luxembourg), Kaunas\u00a02022\u00a0\u2013 European Capital of Culture (Lithuania), Kaunas Jazz Club (Kaunas, Lithuania)<\/p>\n<h3 style=\"text-align: left;\"><strong>Suba: Novi Sad <\/strong><\/h3>\n<p style=\"text-align: left;\"><strong>Multimedia Exhibition\u00a0 \/ 20. 11 \u2013 20. 12. 2022 \/ Creative District<\/strong><br \/>\nOrganiser: Association for the Promotion of Contemporary Music Arts &#8216;New Ears&#8217;<br \/>\nPartner: Blue Contact (Novi Sad)<\/p>\n<h3 style=\"text-align: left;\"><strong>C\u00e9U <\/strong><\/h3>\n<p style=\"text-align: left;\"><strong>Concert\u00a0\/ 20. 11. 2022 \/ Gradska koncertna dvorana<\/strong><br \/>\nOrganiser: \u2018Novi Sad \u2013 European Capital of Culture\u2019 Foundation<\/p>\n<h3 style=\"text-align: left;\"><strong>Invisible Art: The Intoxicating Youth of Modernism\u00a0<\/strong><\/h3>\n<p style=\"text-align: left;\"><strong>Multimedia Exhibition\u00a0 \/ 21 \u2013 27. 11. 2022 \/ Creative District\u00a0<\/strong><br \/>\nOrganiser: Porodica Bistrih Potoka (Family of Clear Streams) Association<br \/>\nPartner: Youth Voice Association<\/p>\n<h3 style=\"text-align: left;\"><strong>The Alternative in Fashion<\/strong><\/h3>\n<p style=\"text-align: left;\"><strong>Exhibition, Fashion\u00a0\/ 21. 11 \u2013 21. 12. 2022 \/ Creative District and Novi Sad window displays\u00a0<\/strong><br \/>\nOrganiser: Reka Association, Novi Sad<\/p>\n<h3 style=\"text-align: left;\"><strong>Book Promotions\u00a0<\/strong><\/h3>\n<p style=\"text-align: left;\"><strong>Literature\u00a0\/ 21 \u2013 27. 11. 2022 \/ Creative District\u00a0<\/strong><br \/>\nOrganiser: \u2018Novi Sad \u2013 European Capital of Culture\u2019 Foundation<\/p>\n<h3 style=\"text-align: left;\"><strong>Art Body Art <\/strong><\/h3>\n<p style=\"text-align: left;\"><strong>Exhibition\u00a0\/ 22. 11 \u2013 22. 12. 2022 \/ Creative District\u00a0<\/strong><br \/>\nOrganiser: Association of Fine Artists of Vojvodina<\/p>\n<h3 style=\"text-align: left;\"><strong>2K+ <\/strong><\/h3>\n<p style=\"text-align: left;\"><strong>Concert\u00a0\/ 22. 11. 2022 \/ Creative District\u00a0<\/strong><br \/>\nOrganiser: \u2018Milo\u0161\u00a0Crnjanski\u2019\u00a0Cultural Centre of Vojvodina<\/p>\n<h3 style=\"text-align: left;\"><strong>Literature Machine\u00a0<\/strong><\/h3>\n<p style=\"text-align: left;\"><strong>Literature \/ 24 \u2013 26. 11. 2022 \/ Creative District<\/strong><br \/>\nOrganiser: The Dark Chamber Association of Young Novi Sad Writers<br \/>\nPartners:\u00a0Beletrina\u00a0Academic Press (Versopolis),\u00a0Bulevar Books<\/p>\n<h3 style=\"text-align: left;\"><strong>#Meaning of Home_2022\u00a0<\/strong><\/h3>\n<p style=\"text-align: left;\"><strong>Exhibition, performance\u00a0\/ 23. 11 \u2013 12. 12. 2022 \/ Creative District\u00a0<\/strong><br \/>\nOrganiser: ArtBox\u00a0Creative-Educational Centre,\u00a0Petrovaradin<br \/>\nPartner: Bogdan \u0160uput School of Design, Novi Sad<\/p>\n<h3 style=\"text-align: left;\"><strong>Merlinka \u2013 a festival of LGBT film and culture<\/strong><\/h3>\n<p style=\"text-align: left;\"><strong>Film festival with the\u00a0accompanying\u00a0programme \/ 24 \u2013 26. 11. 2022 \/ Creative District\u00a0<\/strong><br \/>\nOrganiser: Regional Info Centre<\/p>\n<h3 style=\"text-align: left;\"><strong>Milky Way<\/strong><\/h3>\n<p style=\"text-align: left;\"><strong>Exhibition \/ 25. 11 \u2013 25. 12. 2022 \/ Museum of Contemporary Art of Vojvodina, Cultural Centre of Novi Sad, Creative District, The exhibition venue of the Association of Fine Artists of Vojvodina<\/strong><br \/>\nOrganiser: Museum of Contemporary Art of Vojvodina<br \/>\nPartner: Ulay Foundation (Ljubljana, Slovenia), Bill Viola Studio<\/p>\n<h3 style=\"text-align: left;\"><strong>To Be Punk <\/strong><\/h3>\n<p style=\"text-align: left;\"><strong>Music Festival\u00a0\/ 25 \u2013 26.11. 2022. \/ Creative District, SCCNS Fabrika (Fabrika, entrance no. 1)<\/strong><br \/>\nOrganiser: Student Cultural Centre\u00a0Novi Sad<\/p>\n<h3 style=\"text-align: left;\"><strong>New\u00a0\u2018Black Film\u2019<\/strong><\/h3>\n<p style=\"text-align: left;\"><strong>Film \/ 26.11. 2022 \/ Creative District\u00a0<\/strong><br \/>\nOrganiser: \u2018Novi Sad \u2013 European Capital of Culture\u2019 Foundation<br \/>\nPartner: \u2018Aps Art\u2019 Association<\/p>\n<h3 style=\"text-align: left;\"><strong>Free Voices \u2013 Katalin and Aleksija (Play: \u2018Katalin\u2019)<\/strong><\/h3>\n<p style=\"text-align: left;\"><strong>Play\u00a0\/ 27. 11. 2022 \/ Creative District<\/strong><br \/>\nOrganiser: National Theatre in Belgrade<br \/>\nPartners:\u00a0Sterijino\u00a0Pozorje, Novi Sad and the National Theatre,\u00a0Ni\u0161<\/p>\n<h3><strong>Edgar<\/strong><\/h3>\n<p><strong>Concert \/ 27. 11. 2022 \/ Creative District, SCCNS Fabrika (Fabrika, entrance no. 1)<\/strong><br \/>\nOrganiser: Foundation \u2018Novi Sad \u2013 European Capital of Culture\u2019<\/p>\n<h4 style=\"text-align: right;\"><strong>* THE PROGRAMME AND DATES ARE SUBJECT TO CHANGE.<\/strong><\/h4>","protected":false},"excerpt":{"rendered":"<p>31 DEC \u2013 16 JAN 2022 &nbsp; EVROVIZION.CROSSING STORIES AND SPACES Exhibition\u00a0\/ 26. 11. 2021 \u2013 27. 02. 2022 \/ Museum of Contemporary Art Organiser: Museum of Contemporary Art\u00a0of Vojvodina Partners:\u00a0Institut\u00a0f\u00fcr\u00a0Auslandsbeziehungen\u00a0(Stuttgart, Germany) and Goethe-Institut of Serbia (Belgrade, Serbia) The Citizens of Novi Sad Choose Exhibition \/ 17. 12. 2021 \u2013 31. 12. 2022 \/ Gallery [&hellip;]<\/p>\n","protected":false},"author":8,"featured_media":0,"parent":0,"menu_order":0,"comment_status":"closed","ping_status":"closed","template":"","meta":{"site-sidebar-layout":"default","site-content-layout":"default","ast-site-content-layout":"default","site-content-style":"default","site-sidebar-style":"default","ast-global-header-display":"","ast-banner-title-visibility":"","ast-main-header-display":"","ast-hfb-above-header-display":"","ast-hfb-below-header-display":"","ast-hfb-mobile-header-display":"","site-post-title":"disabled","ast-breadcrumbs-content":"","ast-featured-img":"","footer-sml-layout":"","ast-disable-related-posts":"","theme-transparent-header-meta":"default","adv-header-id-meta":"","stick-header-meta":"","header-above-stick-meta":"","header-main-stick-meta":"","header-below-stick-meta":"","astra-migrate-meta-layouts":"default","ast-page-background-enabled":"default","ast-page-background-meta":{"desktop":{"background-color":"","background-image":"","background-repeat":"repeat","background-position":"center center","background-size":"auto","background-attachment":"scroll","background-type":"","background-media":"","overlay-type":"","overlay-color":"","overlay-opacity":"","overlay-gradient":""},"tablet":{"background-color":"","background-image":"","background-repeat":"repeat","background-position":"center center","background-size":"auto","background-attachment":"scroll","background-type":"","background-media":"","overlay-type":"","overlay-color":"","overlay-opacity":"","overlay-gradient":""},"mobile":{"background-color":"","background-image":"","background-repeat":"repeat","background-position":"center center","background-size":"auto","background-attachment":"scroll","background-type":"","background-media":"","overlay-type":"","overlay-color":"","overlay-opacity":"","overlay-gradient":""}},"ast-content-background-meta":{"desktop":{"background-color":"var(--ast-global-color-5)","background-image":"","background-repeat":"repeat","background-position":"center center","background-size":"auto","background-attachment":"scroll","background-type":"","background-media":"","overlay-type":"","overlay-color":"","overlay-opacity":"","overlay-gradient":""},"tablet":{"background-color":"var(--ast-global-color-5)","background-image":"","background-repeat":"repeat","background-position":"center center","background-size":"auto","background-attachment":"scroll","background-type":"","background-media":"","overlay-type":"","overlay-color":"","overlay-opacity":"","overlay-gradient":""},"mobile":{"background-color":"var(--ast-global-color-5)","background-image":"","background-repeat":"repeat","background-position":"center center","background-size":"auto","background-attachment":"scroll","background-type":"","background-media":"","overlay-type":"","overlay-color":"","overlay-opacity":"","overlay-gradient":""}},"footnotes":""},"class_list":["post-15432","page","type-page","status-publish","hentry"],"yoast_head":"<!-- This site is optimized with the Yoast SEO plugin v27.0 - https:\/\/yoast.com\/product\/yoast-seo-wordpress\/ -->\n<title>Programme 2022 - Novi Sad 2022<\/title>\n<meta name=\"description\" content=\"Program Evropske prestonice kulture za 2022. godinu\" \/>\n<meta name=\"robots\" content=\"index, follow, max-snippet:-1, max-image-preview:large, max-video-preview:-1\" \/>\n<link rel=\"canonical\" href=\"http:\/\/novisad2022.rs\/en\/programme\/\" \/>\n<meta property=\"og:locale\" content=\"en_US\" \/>\n<meta property=\"og:type\" content=\"article\" \/>\n<meta property=\"og:title\" content=\"Programme 2022 - Novi Sad 2022\" \/>\n<meta property=\"og:description\" content=\"Program Evropske prestonice kulture za 2022. godinu\" \/>\n<meta property=\"og:url\" content=\"http:\/\/novisad2022.rs\/en\/programme\/\" \/>\n<meta property=\"og:site_name\" content=\"Novi Sad 2022\" \/>\n<meta property=\"article:modified_time\" content=\"2022-01-26T09:37:40+00:00\" \/>\n<meta property=\"og:image\" content=\"https:\/\/novisad2022.rs\/wp-content\/uploads\/2021\/10\/ns2022_fb-1.png\" \/>\n<meta name=\"twitter:card\" content=\"summary_large_image\" \/>\n<meta name=\"twitter:label1\" content=\"Est. reading time\" \/>\n\t<meta name=\"twitter:data1\" content=\"41 minutes\" \/>\n<script type=\"application\/ld+json\" class=\"yoast-schema-graph\">{\"@context\":\"https:\/\/schema.org\",\"@graph\":[{\"@type\":\"WebPage\",\"@id\":\"http:\/\/novisad2022.rs\/en\/programme\/\",\"url\":\"http:\/\/novisad2022.rs\/en\/programme\/\",\"name\":\"Programme 2022 - Novi Sad 2022\",\"isPartOf\":{\"@id\":\"http:\/\/novisad2022.rs\/en\/#website\"},\"primaryImageOfPage\":{\"@id\":\"http:\/\/novisad2022.rs\/en\/programme\/#primaryimage\"},\"image\":{\"@id\":\"http:\/\/novisad2022.rs\/en\/programme\/#primaryimage\"},\"thumbnailUrl\":\"https:\/\/novisad2022.rs\/wp-content\/uploads\/2021\/10\/logotipi-lukova-za-sajt-01.png\",\"datePublished\":\"2021-10-25T09:11:21+00:00\",\"dateModified\":\"2022-01-26T09:37:40+00:00\",\"description\":\"Program Evropske prestonice kulture za 2022. godinu\",\"breadcrumb\":{\"@id\":\"http:\/\/novisad2022.rs\/en\/programme\/#breadcrumb\"},\"inLanguage\":\"en-US\",\"potentialAction\":[{\"@type\":\"ReadAction\",\"target\":[\"http:\/\/novisad2022.rs\/en\/programme\/\"]}]},{\"@type\":\"ImageObject\",\"inLanguage\":\"en-US\",\"@id\":\"http:\/\/novisad2022.rs\/en\/programme\/#primaryimage\",\"url\":\"https:\/\/novisad2022.rs\/wp-content\/uploads\/2021\/10\/logotipi-lukova-za-sajt-01.png\",\"contentUrl\":\"https:\/\/novisad2022.rs\/wp-content\/uploads\/2021\/10\/logotipi-lukova-za-sajt-01.png\"},{\"@type\":\"BreadcrumbList\",\"@id\":\"http:\/\/novisad2022.rs\/en\/programme\/#breadcrumb\",\"itemListElement\":[{\"@type\":\"ListItem\",\"position\":1,\"name\":\"\u041f\u043e\u0447\u0435\u0442\u043d\u0430\",\"item\":\"https:\/\/novisad2022.rs\/en\/home-page\/\"},{\"@type\":\"ListItem\",\"position\":2,\"name\":\"Programme 2022\"}]},{\"@type\":\"WebSite\",\"@id\":\"http:\/\/novisad2022.rs\/en\/#website\",\"url\":\"http:\/\/novisad2022.rs\/en\/\",\"name\":\"Novi Sad 2022\",\"description\":\"European Capital of Culture\",\"potentialAction\":[{\"@type\":\"SearchAction\",\"target\":{\"@type\":\"EntryPoint\",\"urlTemplate\":\"http:\/\/novisad2022.rs\/en\/?s={search_term_string}\"},\"query-input\":{\"@type\":\"PropertyValueSpecification\",\"valueRequired\":true,\"valueName\":\"search_term_string\"}}],\"inLanguage\":\"en-US\"}]}<\/script>\n<!-- \/ Yoast SEO plugin. -->","yoast_head_json":{"title":"Programme 2022 - Novi Sad 2022","description":"Program Evropske prestonice kulture za 2022. godinu","robots":{"index":"index","follow":"follow","max-snippet":"max-snippet:-1","max-image-preview":"max-image-preview:large","max-video-preview":"max-video-preview:-1"},"canonical":"http:\/\/novisad2022.rs\/en\/programme\/","og_locale":"en_US","og_type":"article","og_title":"Programme 2022 - Novi Sad 2022","og_description":"Program Evropske prestonice kulture za 2022. godinu","og_url":"http:\/\/novisad2022.rs\/en\/programme\/","og_site_name":"Novi Sad 2022","article_modified_time":"2022-01-26T09:37:40+00:00","og_image":[{"url":"https:\/\/novisad2022.rs\/wp-content\/uploads\/2021\/10\/ns2022_fb-1.png","type":"","width":"","height":""}],"twitter_card":"summary_large_image","twitter_misc":{"Est. reading time":"41 minutes"},"schema":{"@context":"https:\/\/schema.org","@graph":[{"@type":"WebPage","@id":"http:\/\/novisad2022.rs\/en\/programme\/","url":"http:\/\/novisad2022.rs\/en\/programme\/","name":"Programme 2022 - Novi Sad 2022","isPartOf":{"@id":"http:\/\/novisad2022.rs\/en\/#website"},"primaryImageOfPage":{"@id":"http:\/\/novisad2022.rs\/en\/programme\/#primaryimage"},"image":{"@id":"http:\/\/novisad2022.rs\/en\/programme\/#primaryimage"},"thumbnailUrl":"https:\/\/novisad2022.rs\/wp-content\/uploads\/2021\/10\/logotipi-lukova-za-sajt-01.png","datePublished":"2021-10-25T09:11:21+00:00","dateModified":"2022-01-26T09:37:40+00:00","description":"Program Evropske prestonice kulture za 2022. godinu","breadcrumb":{"@id":"http:\/\/novisad2022.rs\/en\/programme\/#breadcrumb"},"inLanguage":"en-US","potentialAction":[{"@type":"ReadAction","target":["http:\/\/novisad2022.rs\/en\/programme\/"]}]},{"@type":"ImageObject","inLanguage":"en-US","@id":"http:\/\/novisad2022.rs\/en\/programme\/#primaryimage","url":"https:\/\/novisad2022.rs\/wp-content\/uploads\/2021\/10\/logotipi-lukova-za-sajt-01.png","contentUrl":"https:\/\/novisad2022.rs\/wp-content\/uploads\/2021\/10\/logotipi-lukova-za-sajt-01.png"},{"@type":"BreadcrumbList","@id":"http:\/\/novisad2022.rs\/en\/programme\/#breadcrumb","itemListElement":[{"@type":"ListItem","position":1,"name":"\u041f\u043e\u0447\u0435\u0442\u043d\u0430","item":"https:\/\/novisad2022.rs\/en\/home-page\/"},{"@type":"ListItem","position":2,"name":"Programme 2022"}]},{"@type":"WebSite","@id":"http:\/\/novisad2022.rs\/en\/#website","url":"http:\/\/novisad2022.rs\/en\/","name":"Novi Sad 2022","description":"European Capital of Culture","potentialAction":[{"@type":"SearchAction","target":{"@type":"EntryPoint","urlTemplate":"http:\/\/novisad2022.rs\/en\/?s={search_term_string}"},"query-input":{"@type":"PropertyValueSpecification","valueRequired":true,"valueName":"search_term_string"}}],"inLanguage":"en-US"}]}},"_links":{"self":[{"href":"http:\/\/novisad2022.rs\/en\/wp-json\/wp\/v2\/pages\/15432","targetHints":{"allow":["GET"]}}],"collection":[{"href":"http:\/\/novisad2022.rs\/en\/wp-json\/wp\/v2\/pages"}],"about":[{"href":"http:\/\/novisad2022.rs\/en\/wp-json\/wp\/v2\/types\/page"}],"author":[{"embeddable":true,"href":"http:\/\/novisad2022.rs\/en\/wp-json\/wp\/v2\/users\/8"}],"replies":[{"embeddable":true,"href":"http:\/\/novisad2022.rs\/en\/wp-json\/wp\/v2\/comments?post=15432"}],"version-history":[{"count":109,"href":"http:\/\/novisad2022.rs\/en\/wp-json\/wp\/v2\/pages\/15432\/revisions"}],"predecessor-version":[{"id":18307,"href":"http:\/\/novisad2022.rs\/en\/wp-json\/wp\/v2\/pages\/15432\/revisions\/18307"}],"wp:attachment":[{"href":"http:\/\/novisad2022.rs\/en\/wp-json\/wp\/v2\/media?parent=15432"}],"curies":[{"name":"wp","href":"https:\/\/api.w.org\/{rel}","templated":true}]}}